{"id":24,"date":"2017-02-26T10:45:07","date_gmt":"2017-02-26T09:45:07","guid":{"rendered":"http:\/\/andrea.tomitsch.net\/?page_id=24"},"modified":"2017-03-02T07:48:06","modified_gmt":"2017-03-02T06:48:06","slug":"malerei","status":"publish","type":"page","link":"https:\/\/andrea.tomitsch.net\/en\/werke\/malerei\/","title":{"rendered":"Painting"},"content":{"rendered":"<p>Andrea R Tomitsch malt in Zyklen, was immer wieder zu abgeschlossenen Serien f\u00fchrt und\u00a0auch Unterschiede in der Technik bewirkt.\u00a0Die verschiedenen Perioden sind Themen und Zeiten zugeordnet.<\/p>\n<p>In der Serie &#8220;Games&#8221;, die in den Jahren 2014- 2017 entstanden ist, besch\u00e4ftigt sich die K\u00fcnstlerin mit inneren, psychologischen Zust\u00e4nden des Miteinander. Die Figuren sind auf das Wesentliche reduziert. Abstrakte Kompositionen und figurative Formen vereinen sich zu einer einfachen Bildersprache mit tiefen, emotionalen Ber\u00fchrungspunkten.<\/p>\n<div data-carousel-extra='{&quot;blog_id&quot;:1,&quot;permalink&quot;:&quot;https:\/\/andrea.tomitsch.net\/en\/werke\/malerei\/&quot;}' id='gallery-1' class='gallery galleryid-24 gallery-columns-3 gallery-size-thumbnail'><figure class='gallery-item'>\n\t\t\t<div class='gallery-icon landscape'>\n\t\t\t\t<a href='https:\/\/andrea.tomitsch.net\/en\/werke\/malerei\/3245_846300\/'><img loading=\"lazy\" decoding=\"async\" width=\"150\" height=\"150\" src=\"https:\/\/i0.wp.com\/andrea.tomitsch.net\/wp-content\/uploads\/2017\/02\/3245_846300.jpg?resize=150%2C150&amp;ssl=1\" class=\"attachment-thumbnail size-thumbnail\" alt=\"\" aria-describedby=\"gallery-1-241\" srcset=\"https:\/\/i0.wp.com\/andrea.tomitsch.net\/wp-content\/uploads\/2017\/02\/3245_846300.jpg?resize=150%2C150&amp;ssl=1 150w, https:\/\/i0.wp.com\/andrea.tomitsch.net\/wp-content\/uploads\/2017\/02\/3245_846300.jpg?resize=50%2C50&amp;ssl=1 50w, https:\/\/i0.wp.com\/andrea.tomitsch.net\/wp-content\/uploads\/2017\/02\/3245_846300.jpg?zoom=2&amp;resize=150%2C150&amp;ssl=1 300w, https:\/\/i0.wp.com\/andrea.tomitsch.net\/wp-content\/uploads\/2017\/02\/3245_846300.jpg?zoom=3&amp;resize=150%2C150&amp;ssl=1 450w\" sizes=\"auto, (max-width: 150px) 100vw, 150px\" data-attachment-id=\"241\" data-permalink=\"https:\/\/andrea.tomitsch.net\/en\/werke\/malerei\/3245_846300\/\" data-orig-file=\"https:\/\/i0.wp.com\/andrea.tomitsch.net\/wp-content\/uploads\/2017\/02\/3245_846300.jpg?fit=1716%2C1222&amp;ssl=1\" data-orig-size=\"1716,1222\" data-comments-opened=\"0\" data-image-meta=\"{&quot;aperture&quot;:&quot;0&quot;,&quot;credit&quot;:&quot;&quot;,&quot;camera&quot;:&quot;&quot;,&quot;caption&quot;:&quot;&quot;,&quot;created_timestamp&quot;:&quot;0&quot;,&quot;copyright&quot;:&quot;&quot;,&quot;focal_length&quot;:&quot;0&quot;,&quot;iso&quot;:&quot;0&quot;,&quot;shutter_speed&quot;:&quot;0&quot;,&quot;title&quot;:&quot;&quot;,&quot;orientation&quot;:&quot;1&quot;}\" data-image-title=\"&amp;#8220;Games \/ Verbotene Unschuld&amp;#8221;\" data-image-description=\"&lt;p&gt;Gouache auf BK-Karton&lt;br \/&gt;\n70 x 100&lt;br \/&gt;\nsign. 2014&lt;\/p&gt;\n\" data-image-caption=\"&lt;p&gt; &amp;#8220;Games \/ Verbotene Unschuld&amp;#8221;  &lt;\/p&gt;\n\" data-large-file=\"https:\/\/i0.wp.com\/andrea.tomitsch.net\/wp-content\/uploads\/2017\/02\/3245_846300.jpg?fit=1024%2C729&amp;ssl=1\" \/><\/a>\n\t\t\t<\/div>\n\t\t\t\t<figcaption class='wp-caption-text gallery-caption' id='gallery-1-241'>\n\t\t\t\t &#8220;Games \/ Verbotene Unschuld&#8221;  \n\n\t\t\t\t<\/figcaption><\/figure><figure class='gallery-item'>\n\t\t\t<div class='gallery-icon landscape'>\n\t\t\t\t<a href='https:\/\/andrea.tomitsch.net\/en\/werke\/malerei\/000234012-2\/'><img loading=\"lazy\" decoding=\"async\" width=\"150\" height=\"150\" src=\"https:\/\/i0.wp.com\/andrea.tomitsch.net\/wp-content\/uploads\/2017\/02\/000234012-1.jpg?resize=150%2C150&amp;ssl=1\" class=\"attachment-thumbnail size-thumbnail\" alt=\"\" aria-describedby=\"gallery-1-194\" srcset=\"https:\/\/i0.wp.com\/andrea.tomitsch.net\/wp-content\/uploads\/2017\/02\/000234012-1.jpg?resize=150%2C150&amp;ssl=1 150w, https:\/\/i0.wp.com\/andrea.tomitsch.net\/wp-content\/uploads\/2017\/02\/000234012-1.jpg?resize=50%2C50&amp;ssl=1 50w, https:\/\/i0.wp.com\/andrea.tomitsch.net\/wp-content\/uploads\/2017\/02\/000234012-1.jpg?zoom=2&amp;resize=150%2C150&amp;ssl=1 300w, https:\/\/i0.wp.com\/andrea.tomitsch.net\/wp-content\/uploads\/2017\/02\/000234012-1.jpg?zoom=3&amp;resize=150%2C150&amp;ssl=1 450w\" sizes=\"auto, (max-width: 150px) 100vw, 150px\" data-attachment-id=\"194\" data-permalink=\"https:\/\/andrea.tomitsch.net\/en\/werke\/malerei\/000234012-2\/\" data-orig-file=\"https:\/\/i0.wp.com\/andrea.tomitsch.net\/wp-content\/uploads\/2017\/02\/000234012-1.jpg?fit=1807%2C1211&amp;ssl=1\" data-orig-size=\"1807,1211\" data-comments-opened=\"0\" data-image-meta=\"{&quot;aperture&quot;:&quot;0&quot;,&quot;credit&quot;:&quot;&quot;,&quot;camera&quot;:&quot;&quot;,&quot;caption&quot;:&quot;&quot;,&quot;created_timestamp&quot;:&quot;0&quot;,&quot;copyright&quot;:&quot;&quot;,&quot;focal_length&quot;:&quot;0&quot;,&quot;iso&quot;:&quot;0&quot;,&quot;shutter_speed&quot;:&quot;0&quot;,&quot;title&quot;:&quot;&quot;,&quot;orientation&quot;:&quot;1&quot;}\" data-image-title=\"&amp;#8220;Games \/ Der Weg&amp;#8221;\" data-image-description=\"&lt;p&gt;Gouache auf BK-Karton&lt;br \/&gt;\n70 x 100&lt;br \/&gt;\nsign. 2014&lt;\/p&gt;\n\" data-image-caption=\"&lt;p&gt;&amp;#8220;Games \/ Der Weg&amp;#8221;  &lt;\/p&gt;\n\" data-large-file=\"https:\/\/i0.wp.com\/andrea.tomitsch.net\/wp-content\/uploads\/2017\/02\/000234012-1.jpg?fit=1024%2C686&amp;ssl=1\" \/><\/a>\n\t\t\t<\/div>\n\t\t\t\t<figcaption class='wp-caption-text gallery-caption' id='gallery-1-194'>\n\t\t\t\t&#8220;Games \/ Der Weg&#8221;  \n\t\t\t\t<\/figcaption><\/figure><figure class='gallery-item'>\n\t\t\t<div class='gallery-icon landscape'>\n\t\t\t\t<a href='https:\/\/andrea.tomitsch.net\/en\/werke\/malerei\/attachment\/0002340124589\/'><img loading=\"lazy\" decoding=\"async\" width=\"150\" height=\"150\" src=\"https:\/\/i0.wp.com\/andrea.tomitsch.net\/wp-content\/uploads\/2017\/02\/0002340124589.jpg?resize=150%2C150&amp;ssl=1\" class=\"attachment-thumbnail size-thumbnail\" alt=\"\" aria-describedby=\"gallery-1-191\" srcset=\"https:\/\/i0.wp.com\/andrea.tomitsch.net\/wp-content\/uploads\/2017\/02\/0002340124589.jpg?resize=150%2C150&amp;ssl=1 150w, https:\/\/i0.wp.com\/andrea.tomitsch.net\/wp-content\/uploads\/2017\/02\/0002340124589.jpg?resize=50%2C50&amp;ssl=1 50w, https:\/\/i0.wp.com\/andrea.tomitsch.net\/wp-content\/uploads\/2017\/02\/0002340124589.jpg?zoom=2&amp;resize=150%2C150&amp;ssl=1 300w, https:\/\/i0.wp.com\/andrea.tomitsch.net\/wp-content\/uploads\/2017\/02\/0002340124589.jpg?zoom=3&amp;resize=150%2C150&amp;ssl=1 450w\" sizes=\"auto, (max-width: 150px) 100vw, 150px\" data-attachment-id=\"191\" data-permalink=\"https:\/\/andrea.tomitsch.net\/en\/werke\/malerei\/attachment\/0002340124589\/\" data-orig-file=\"https:\/\/i0.wp.com\/andrea.tomitsch.net\/wp-content\/uploads\/2017\/02\/0002340124589.jpg?fit=1881%2C1494&amp;ssl=1\" data-orig-size=\"1881,1494\" data-comments-opened=\"0\" data-image-meta=\"{&quot;aperture&quot;:&quot;4&quot;,&quot;credit&quot;:&quot;&quot;,&quot;camera&quot;:&quot;NIKON D80&quot;,&quot;caption&quot;:&quot;&quot;,&quot;created_timestamp&quot;:&quot;1408365981&quot;,&quot;copyright&quot;:&quot;&quot;,&quot;focal_length&quot;:&quot;105&quot;,&quot;iso&quot;:&quot;125&quot;,&quot;shutter_speed&quot;:&quot;0.000625&quot;,&quot;title&quot;:&quot;&quot;,&quot;orientation&quot;:&quot;1&quot;}\" data-image-title=\"&amp;#8220;Games \/ Ber\u00fchrung&amp;#8221;\" data-image-description=\"&lt;p&gt;Gouache\/Acryl auf Leinwand 80 x 100&lt;br \/&gt;\nsign. 2014&lt;\/p&gt;\n\" data-image-caption=\"&lt;p&gt;&amp;#8220;Games \/ Ber\u00fchrung&amp;#8221; &lt;\/p&gt;\n\" data-large-file=\"https:\/\/i0.wp.com\/andrea.tomitsch.net\/wp-content\/uploads\/2017\/02\/0002340124589.jpg?fit=1024%2C813&amp;ssl=1\" \/><\/a>\n\t\t\t<\/div>\n\t\t\t\t<figcaption class='wp-caption-text gallery-caption' id='gallery-1-191'>\n\t\t\t\t&#8220;Games \/ Ber\u00fchrung&#8221; \n\t\t\t\t<\/figcaption><\/figure><figure class='gallery-item'>\n\t\t\t<div class='gallery-icon landscape'>\n\t\t\t\t<a href='https:\/\/andrea.tomitsch.net\/en\/werke\/malerei\/attachment\/0002340126789\/'><img loading=\"lazy\" decoding=\"async\" width=\"150\" height=\"150\" src=\"https:\/\/i0.wp.com\/andrea.tomitsch.net\/wp-content\/uploads\/2017\/02\/0002340126789.jpg?resize=150%2C150&amp;ssl=1\" class=\"attachment-thumbnail size-thumbnail\" alt=\"\" aria-describedby=\"gallery-1-192\" srcset=\"https:\/\/i0.wp.com\/andrea.tomitsch.net\/wp-content\/uploads\/2017\/02\/0002340126789.jpg?resize=150%2C150&amp;ssl=1 150w, https:\/\/i0.wp.com\/andrea.tomitsch.net\/wp-content\/uploads\/2017\/02\/0002340126789.jpg?resize=50%2C50&amp;ssl=1 50w, https:\/\/i0.wp.com\/andrea.tomitsch.net\/wp-content\/uploads\/2017\/02\/0002340126789.jpg?zoom=2&amp;resize=150%2C150&amp;ssl=1 300w, https:\/\/i0.wp.com\/andrea.tomitsch.net\/wp-content\/uploads\/2017\/02\/0002340126789.jpg?zoom=3&amp;resize=150%2C150&amp;ssl=1 450w\" sizes=\"auto, (max-width: 150px) 100vw, 150px\" data-attachment-id=\"192\" data-permalink=\"https:\/\/andrea.tomitsch.net\/en\/werke\/malerei\/attachment\/0002340126789\/\" data-orig-file=\"https:\/\/i0.wp.com\/andrea.tomitsch.net\/wp-content\/uploads\/2017\/02\/0002340126789.jpg?fit=1989%2C1518&amp;ssl=1\" data-orig-size=\"1989,1518\" data-comments-opened=\"0\" data-image-meta=\"{&quot;aperture&quot;:&quot;3.5&quot;,&quot;credit&quot;:&quot;&quot;,&quot;camera&quot;:&quot;NIKON D80&quot;,&quot;caption&quot;:&quot;&quot;,&quot;created_timestamp&quot;:&quot;1394028016&quot;,&quot;copyright&quot;:&quot;&quot;,&quot;focal_length&quot;:&quot;18&quot;,&quot;iso&quot;:&quot;125&quot;,&quot;shutter_speed&quot;:&quot;0.033333333333333&quot;,&quot;title&quot;:&quot;&quot;,&quot;orientation&quot;:&quot;1&quot;}\" data-image-title=\"&amp;#8220;Games \/ Verlockung&amp;#8221;\" data-image-description=\"&lt;p&gt;Gouache\/Acryl auf Leinwand 80 x 100&lt;br \/&gt;\nsign. 2014&lt;\/p&gt;\n\" data-image-caption=\"&lt;p&gt;&amp;#8220;Games \/ Verlockung&amp;#8221; &lt;\/p&gt;\n\" data-large-file=\"https:\/\/i0.wp.com\/andrea.tomitsch.net\/wp-content\/uploads\/2017\/02\/0002340126789.jpg?fit=1024%2C782&amp;ssl=1\" \/><\/a>\n\t\t\t<\/div>\n\t\t\t\t<figcaption class='wp-caption-text gallery-caption' id='gallery-1-192'>\n\t\t\t\t&#8220;Games \/ Verlockung&#8221; \n\t\t\t\t<\/figcaption><\/figure><figure class='gallery-item'>\n\t\t\t<div class='gallery-icon landscape'>\n\t\t\t\t<a href='https:\/\/andrea.tomitsch.net\/en\/werke\/malerei\/attachment\/000234012345\/'><img loading=\"lazy\" decoding=\"async\" width=\"150\" height=\"150\" src=\"https:\/\/i0.wp.com\/andrea.tomitsch.net\/wp-content\/uploads\/2017\/02\/000234012345.jpg?resize=150%2C150&amp;ssl=1\" class=\"attachment-thumbnail size-thumbnail\" alt=\"\" aria-describedby=\"gallery-1-189\" srcset=\"https:\/\/i0.wp.com\/andrea.tomitsch.net\/wp-content\/uploads\/2017\/02\/000234012345.jpg?resize=150%2C150&amp;ssl=1 150w, https:\/\/i0.wp.com\/andrea.tomitsch.net\/wp-content\/uploads\/2017\/02\/000234012345.jpg?resize=50%2C50&amp;ssl=1 50w, https:\/\/i0.wp.com\/andrea.tomitsch.net\/wp-content\/uploads\/2017\/02\/000234012345.jpg?zoom=2&amp;resize=150%2C150&amp;ssl=1 300w, https:\/\/i0.wp.com\/andrea.tomitsch.net\/wp-content\/uploads\/2017\/02\/000234012345.jpg?zoom=3&amp;resize=150%2C150&amp;ssl=1 450w\" sizes=\"auto, (max-width: 150px) 100vw, 150px\" data-attachment-id=\"189\" data-permalink=\"https:\/\/andrea.tomitsch.net\/en\/werke\/malerei\/attachment\/000234012345\/\" data-orig-file=\"https:\/\/i0.wp.com\/andrea.tomitsch.net\/wp-content\/uploads\/2017\/02\/000234012345.jpg?fit=1932%2C1597&amp;ssl=1\" data-orig-size=\"1932,1597\" data-comments-opened=\"0\" data-image-meta=\"{&quot;aperture&quot;:&quot;3.8&quot;,&quot;credit&quot;:&quot;&quot;,&quot;camera&quot;:&quot;NIKON D80&quot;,&quot;caption&quot;:&quot;&quot;,&quot;created_timestamp&quot;:&quot;1392033647&quot;,&quot;copyright&quot;:&quot;&quot;,&quot;focal_length&quot;:&quot;22&quot;,&quot;iso&quot;:&quot;125&quot;,&quot;shutter_speed&quot;:&quot;0.0125&quot;,&quot;title&quot;:&quot;&quot;,&quot;orientation&quot;:&quot;1&quot;}\" data-image-title=\"&amp;#8220;Games \/ Bed\u00fcrfnisse&amp;#8221;\" data-image-description=\"&lt;p&gt;Gouache\/Acryl auf Leinwand 80 x 100&lt;br \/&gt;\nsign. 2014&lt;\/p&gt;\n\" data-image-caption=\"&lt;p&gt;&amp;#8220;Games \/ Bed\u00fcrfnisse&amp;#8221;&lt;\/p&gt;\n\" data-large-file=\"https:\/\/i0.wp.com\/andrea.tomitsch.net\/wp-content\/uploads\/2017\/02\/000234012345.jpg?fit=1024%2C846&amp;ssl=1\" \/><\/a>\n\t\t\t<\/div>\n\t\t\t\t<figcaption class='wp-caption-text gallery-caption' id='gallery-1-189'>\n\t\t\t\t&#8220;Games \/ Bed\u00fcrfnisse&#8221;\n\n\t\t\t\t<\/figcaption><\/figure><figure class='gallery-item'>\n\t\t\t<div class='gallery-icon landscape'>\n\t\t\t\t<a href='https:\/\/andrea.tomitsch.net\/en\/werke\/malerei\/attachment\/000234012123\/'><img loading=\"lazy\" decoding=\"async\" width=\"150\" height=\"150\" src=\"https:\/\/i0.wp.com\/andrea.tomitsch.net\/wp-content\/uploads\/2017\/02\/000234012123.jpg?resize=150%2C150&amp;ssl=1\" class=\"attachment-thumbnail size-thumbnail\" alt=\"\" aria-describedby=\"gallery-1-188\" srcset=\"https:\/\/i0.wp.com\/andrea.tomitsch.net\/wp-content\/uploads\/2017\/02\/000234012123.jpg?resize=150%2C150&amp;ssl=1 150w, https:\/\/i0.wp.com\/andrea.tomitsch.net\/wp-content\/uploads\/2017\/02\/000234012123.jpg?resize=50%2C50&amp;ssl=1 50w, https:\/\/i0.wp.com\/andrea.tomitsch.net\/wp-content\/uploads\/2017\/02\/000234012123.jpg?zoom=2&amp;resize=150%2C150&amp;ssl=1 300w, https:\/\/i0.wp.com\/andrea.tomitsch.net\/wp-content\/uploads\/2017\/02\/000234012123.jpg?zoom=3&amp;resize=150%2C150&amp;ssl=1 450w\" sizes=\"auto, (max-width: 150px) 100vw, 150px\" data-attachment-id=\"188\" data-permalink=\"https:\/\/andrea.tomitsch.net\/en\/werke\/malerei\/attachment\/000234012123\/\" data-orig-file=\"https:\/\/i0.wp.com\/andrea.tomitsch.net\/wp-content\/uploads\/2017\/02\/000234012123.jpg?fit=1578%2C1154&amp;ssl=1\" data-orig-size=\"1578,1154\" data-comments-opened=\"0\" data-image-meta=\"{&quot;aperture&quot;:&quot;4.2&quot;,&quot;credit&quot;:&quot;&quot;,&quot;camera&quot;:&quot;NIKON D80&quot;,&quot;caption&quot;:&quot;&quot;,&quot;created_timestamp&quot;:&quot;1394210615&quot;,&quot;copyright&quot;:&quot;&quot;,&quot;focal_length&quot;:&quot;35&quot;,&quot;iso&quot;:&quot;125&quot;,&quot;shutter_speed&quot;:&quot;0.008&quot;,&quot;title&quot;:&quot;&quot;,&quot;orientation&quot;:&quot;1&quot;}\" data-image-title=\"&amp;#8220;Games \/ Krieg&amp;#8221;\" data-image-description=\"&lt;p&gt;Gouache\/Acryl auf Leinwand 60 x 80&lt;br \/&gt;\nsign. 2014&lt;\/p&gt;\n\" data-image-caption=\"&lt;p&gt;&amp;#8220;Games \/ Krieg&amp;#8221;  &lt;\/p&gt;\n\" data-large-file=\"https:\/\/i0.wp.com\/andrea.tomitsch.net\/wp-content\/uploads\/2017\/02\/000234012123.jpg?fit=1024%2C749&amp;ssl=1\" \/><\/a>\n\t\t\t<\/div>\n\t\t\t\t<figcaption class='wp-caption-text gallery-caption' id='gallery-1-188'>\n\t\t\t\t&#8220;Games \/ Krieg&#8221;  \n\n\t\t\t\t<\/figcaption><\/figure><figure class='gallery-item'>\n\t\t\t<div class='gallery-icon landscape'>\n\t\t\t\t<a href='https:\/\/andrea.tomitsch.net\/en\/werke\/malerei\/attachment\/000234012567\/'><img loading=\"lazy\" decoding=\"async\" width=\"150\" height=\"150\" src=\"https:\/\/i0.wp.com\/andrea.tomitsch.net\/wp-content\/uploads\/2017\/02\/000234012567.jpg?resize=150%2C150&amp;ssl=1\" class=\"attachment-thumbnail size-thumbnail\" alt=\"\" aria-describedby=\"gallery-1-190\" srcset=\"https:\/\/i0.wp.com\/andrea.tomitsch.net\/wp-content\/uploads\/2017\/02\/000234012567.jpg?resize=150%2C150&amp;ssl=1 150w, https:\/\/i0.wp.com\/andrea.tomitsch.net\/wp-content\/uploads\/2017\/02\/000234012567.jpg?resize=50%2C50&amp;ssl=1 50w, https:\/\/i0.wp.com\/andrea.tomitsch.net\/wp-content\/uploads\/2017\/02\/000234012567.jpg?zoom=2&amp;resize=150%2C150&amp;ssl=1 300w, https:\/\/i0.wp.com\/andrea.tomitsch.net\/wp-content\/uploads\/2017\/02\/000234012567.jpg?zoom=3&amp;resize=150%2C150&amp;ssl=1 450w\" sizes=\"auto, (max-width: 150px) 100vw, 150px\" data-attachment-id=\"190\" data-permalink=\"https:\/\/andrea.tomitsch.net\/en\/werke\/malerei\/attachment\/000234012567\/\" data-orig-file=\"https:\/\/i0.wp.com\/andrea.tomitsch.net\/wp-content\/uploads\/2017\/02\/000234012567.jpg?fit=2357%2C1593&amp;ssl=1\" data-orig-size=\"2357,1593\" data-comments-opened=\"0\" data-image-meta=\"{&quot;aperture&quot;:&quot;4.2&quot;,&quot;credit&quot;:&quot;&quot;,&quot;camera&quot;:&quot;NIKON D80&quot;,&quot;caption&quot;:&quot;&quot;,&quot;created_timestamp&quot;:&quot;1394990698&quot;,&quot;copyright&quot;:&quot;&quot;,&quot;focal_length&quot;:&quot;34&quot;,&quot;iso&quot;:&quot;125&quot;,&quot;shutter_speed&quot;:&quot;0.008&quot;,&quot;title&quot;:&quot;&quot;,&quot;orientation&quot;:&quot;1&quot;}\" data-image-title=\"&amp;#8220;Games \/ Hierarchie&amp;#8221;\" data-image-description=\"&lt;p&gt;Gouache\/Acryl auf Leinwand 100 x 150&lt;br \/&gt;\nsign. 2014&lt;\/p&gt;\n\" data-image-caption=\"&lt;p&gt;&amp;#8220;Games \/ Hierarchie&amp;#8221; &lt;\/p&gt;\n\" data-large-file=\"https:\/\/i0.wp.com\/andrea.tomitsch.net\/wp-content\/uploads\/2017\/02\/000234012567.jpg?fit=1024%2C692&amp;ssl=1\" \/><\/a>\n\t\t\t<\/div>\n\t\t\t\t<figcaption class='wp-caption-text gallery-caption' id='gallery-1-190'>\n\t\t\t\t&#8220;Games \/ Hierarchie&#8221; \n\t\t\t\t<\/figcaption><\/figure><figure class='gallery-item'>\n\t\t\t<div class='gallery-icon portrait'>\n\t\t\t\t<a href='https:\/\/andrea.tomitsch.net\/en\/werke\/malerei\/18525144595_dbd85d4be8_o-2\/'><img loading=\"lazy\" decoding=\"async\" width=\"150\" height=\"150\" src=\"https:\/\/i0.wp.com\/andrea.tomitsch.net\/wp-content\/uploads\/2017\/02\/18525144595_dbd85d4be8_o-1.jpg?resize=150%2C150&amp;ssl=1\" class=\"attachment-thumbnail size-thumbnail\" alt=\"\" aria-describedby=\"gallery-1-242\" srcset=\"https:\/\/i0.wp.com\/andrea.tomitsch.net\/wp-content\/uploads\/2017\/02\/18525144595_dbd85d4be8_o-1.jpg?resize=150%2C150&amp;ssl=1 150w, https:\/\/i0.wp.com\/andrea.tomitsch.net\/wp-content\/uploads\/2017\/02\/18525144595_dbd85d4be8_o-1.jpg?resize=50%2C50&amp;ssl=1 50w, https:\/\/i0.wp.com\/andrea.tomitsch.net\/wp-content\/uploads\/2017\/02\/18525144595_dbd85d4be8_o-1.jpg?zoom=2&amp;resize=150%2C150&amp;ssl=1 300w, https:\/\/i0.wp.com\/andrea.tomitsch.net\/wp-content\/uploads\/2017\/02\/18525144595_dbd85d4be8_o-1.jpg?zoom=3&amp;resize=150%2C150&amp;ssl=1 450w\" sizes=\"auto, (max-width: 150px) 100vw, 150px\" data-attachment-id=\"242\" data-permalink=\"https:\/\/andrea.tomitsch.net\/en\/werke\/malerei\/18525144595_dbd85d4be8_o-2\/\" data-orig-file=\"https:\/\/i0.wp.com\/andrea.tomitsch.net\/wp-content\/uploads\/2017\/02\/18525144595_dbd85d4be8_o-1.jpg?fit=1346%2C1762&amp;ssl=1\" data-orig-size=\"1346,1762\" data-comments-opened=\"0\" data-image-meta=\"{&quot;aperture&quot;:&quot;4.5&quot;,&quot;credit&quot;:&quot;&quot;,&quot;camera&quot;:&quot;NIKON D80&quot;,&quot;caption&quot;:&quot;&quot;,&quot;created_timestamp&quot;:&quot;1411041150&quot;,&quot;copyright&quot;:&quot;&quot;,&quot;focal_length&quot;:&quot;60&quot;,&quot;iso&quot;:&quot;500&quot;,&quot;shutter_speed&quot;:&quot;0.00625&quot;,&quot;title&quot;:&quot;&quot;,&quot;orientation&quot;:&quot;1&quot;}\" data-image-title=\"&amp;#8220;Games\/Zwiespalt 1&amp;#8221;\" data-image-description=\"&lt;p&gt;Teil 1 \/ Dreiteiler&lt;br \/&gt;\nGouache\/Acryl auf Leinwand 60 X 80&lt;br \/&gt;\nsign. 2014&lt;\/p&gt;\n\" data-image-caption=\"&lt;p&gt;&amp;#8220;Games\/Zwiespalt 1&amp;#8221;&lt;br \/&gt;\n Dreiteiler&lt;\/p&gt;\n\" data-large-file=\"https:\/\/i0.wp.com\/andrea.tomitsch.net\/wp-content\/uploads\/2017\/02\/18525144595_dbd85d4be8_o-1.jpg?fit=782%2C1024&amp;ssl=1\" \/><\/a>\n\t\t\t<\/div>\n\t\t\t\t<figcaption class='wp-caption-text gallery-caption' id='gallery-1-242'>\n\t\t\t\t&#8220;Games\/Zwiespalt 1&#8221;\n Dreiteiler\n\n\t\t\t\t<\/figcaption><\/figure><figure class='gallery-item'>\n\t\t\t<div class='gallery-icon portrait'>\n\t\t\t\t<a href='https:\/\/andrea.tomitsch.net\/en\/werke\/malerei\/18520705062_0451a83daa_o\/'><img loading=\"lazy\" decoding=\"async\" width=\"150\" height=\"150\" src=\"https:\/\/i0.wp.com\/andrea.tomitsch.net\/wp-content\/uploads\/2017\/02\/18520705062_0451a83daa_o.jpg?resize=150%2C150&amp;ssl=1\" class=\"attachment-thumbnail size-thumbnail\" alt=\"\" aria-describedby=\"gallery-1-243\" srcset=\"https:\/\/i0.wp.com\/andrea.tomitsch.net\/wp-content\/uploads\/2017\/02\/18520705062_0451a83daa_o.jpg?resize=150%2C150&amp;ssl=1 150w, https:\/\/i0.wp.com\/andrea.tomitsch.net\/wp-content\/uploads\/2017\/02\/18520705062_0451a83daa_o.jpg?resize=50%2C50&amp;ssl=1 50w, https:\/\/i0.wp.com\/andrea.tomitsch.net\/wp-content\/uploads\/2017\/02\/18520705062_0451a83daa_o.jpg?zoom=2&amp;resize=150%2C150&amp;ssl=1 300w, https:\/\/i0.wp.com\/andrea.tomitsch.net\/wp-content\/uploads\/2017\/02\/18520705062_0451a83daa_o.jpg?zoom=3&amp;resize=150%2C150&amp;ssl=1 450w\" sizes=\"auto, (max-width: 150px) 100vw, 150px\" data-attachment-id=\"243\" data-permalink=\"https:\/\/andrea.tomitsch.net\/en\/werke\/malerei\/18520705062_0451a83daa_o\/\" data-orig-file=\"https:\/\/i0.wp.com\/andrea.tomitsch.net\/wp-content\/uploads\/2017\/02\/18520705062_0451a83daa_o.jpg?fit=1309%2C1763&amp;ssl=1\" data-orig-size=\"1309,1763\" data-comments-opened=\"0\" data-image-meta=\"{&quot;aperture&quot;:&quot;4.5&quot;,&quot;credit&quot;:&quot;&quot;,&quot;camera&quot;:&quot;NIKON D80&quot;,&quot;caption&quot;:&quot;&quot;,&quot;created_timestamp&quot;:&quot;1411041021&quot;,&quot;copyright&quot;:&quot;&quot;,&quot;focal_length&quot;:&quot;60&quot;,&quot;iso&quot;:&quot;500&quot;,&quot;shutter_speed&quot;:&quot;0.004&quot;,&quot;title&quot;:&quot;&quot;,&quot;orientation&quot;:&quot;1&quot;}\" data-image-title=\"&amp;#8220;Games\/Zwiespalt 2&amp;#8221;\" data-image-description=\"&lt;p&gt;Teil 2 \/ Dreiteiler&lt;br \/&gt;\nGouache\/Acryl auf Leinwand 60 X 80&lt;br \/&gt;\nsign. 2014&lt;\/p&gt;\n\" data-image-caption=\"&lt;p&gt;&amp;#8220;Games\/Zwiespalt 2&amp;#8221;&lt;\/p&gt;\n\" data-large-file=\"https:\/\/i0.wp.com\/andrea.tomitsch.net\/wp-content\/uploads\/2017\/02\/18520705062_0451a83daa_o.jpg?fit=760%2C1024&amp;ssl=1\" \/><\/a>\n\t\t\t<\/div>\n\t\t\t\t<figcaption class='wp-caption-text gallery-caption' id='gallery-1-243'>\n\t\t\t\t&#8220;Games\/Zwiespalt 2&#8221;\n\n\t\t\t\t<\/figcaption><\/figure><figure class='gallery-item'>\n\t\t\t<div class='gallery-icon portrait'>\n\t\t\t\t<a href='https:\/\/andrea.tomitsch.net\/en\/werke\/malerei\/18520729212_e80b61ce2a_o\/'><img loading=\"lazy\" decoding=\"async\" width=\"150\" height=\"150\" src=\"https:\/\/i0.wp.com\/andrea.tomitsch.net\/wp-content\/uploads\/2017\/02\/18520729212_e80b61ce2a_o.jpg?resize=150%2C150&amp;ssl=1\" class=\"attachment-thumbnail size-thumbnail\" alt=\"\" aria-describedby=\"gallery-1-244\" srcset=\"https:\/\/i0.wp.com\/andrea.tomitsch.net\/wp-content\/uploads\/2017\/02\/18520729212_e80b61ce2a_o.jpg?resize=150%2C150&amp;ssl=1 150w, https:\/\/i0.wp.com\/andrea.tomitsch.net\/wp-content\/uploads\/2017\/02\/18520729212_e80b61ce2a_o.jpg?resize=50%2C50&amp;ssl=1 50w, https:\/\/i0.wp.com\/andrea.tomitsch.net\/wp-content\/uploads\/2017\/02\/18520729212_e80b61ce2a_o.jpg?zoom=2&amp;resize=150%2C150&amp;ssl=1 300w, https:\/\/i0.wp.com\/andrea.tomitsch.net\/wp-content\/uploads\/2017\/02\/18520729212_e80b61ce2a_o.jpg?zoom=3&amp;resize=150%2C150&amp;ssl=1 450w\" sizes=\"auto, (max-width: 150px) 100vw, 150px\" data-attachment-id=\"244\" data-permalink=\"https:\/\/andrea.tomitsch.net\/en\/werke\/malerei\/18520729212_e80b61ce2a_o\/\" data-orig-file=\"https:\/\/i0.wp.com\/andrea.tomitsch.net\/wp-content\/uploads\/2017\/02\/18520729212_e80b61ce2a_o.jpg?fit=1391%2C1838&amp;ssl=1\" data-orig-size=\"1391,1838\" data-comments-opened=\"0\" data-image-meta=\"{&quot;aperture&quot;:&quot;4.5&quot;,&quot;credit&quot;:&quot;&quot;,&quot;camera&quot;:&quot;NIKON D80&quot;,&quot;caption&quot;:&quot;&quot;,&quot;created_timestamp&quot;:&quot;1411040789&quot;,&quot;copyright&quot;:&quot;&quot;,&quot;focal_length&quot;:&quot;60&quot;,&quot;iso&quot;:&quot;500&quot;,&quot;shutter_speed&quot;:&quot;0.0025&quot;,&quot;title&quot;:&quot;&quot;,&quot;orientation&quot;:&quot;1&quot;}\" data-image-title=\"&amp;#8220;Games\/Zwiespalt 3&amp;#8221;\" data-image-description=\"&lt;p&gt;Teil 3 \/ Dreiteiler&lt;br \/&gt;\nGouache\/Acryl auf Leinwand 60 X 80&lt;br \/&gt;\nsign. 2014&lt;\/p&gt;\n\" data-image-caption=\"&lt;p&gt;&amp;#8220;Games\/Zwiespalt 3&amp;#8221;&lt;\/p&gt;\n\" data-large-file=\"https:\/\/i0.wp.com\/andrea.tomitsch.net\/wp-content\/uploads\/2017\/02\/18520729212_e80b61ce2a_o.jpg?fit=775%2C1024&amp;ssl=1\" \/><\/a>\n\t\t\t<\/div>\n\t\t\t\t<figcaption class='wp-caption-text gallery-caption' id='gallery-1-244'>\n\t\t\t\t&#8220;Games\/Zwiespalt 3&#8221;\n\n\t\t\t\t<\/figcaption><\/figure><figure class='gallery-item'>\n\t\t\t<div class='gallery-icon landscape'>\n\t\t\t\t<a href='https:\/\/andrea.tomitsch.net\/en\/werke\/malerei\/18337315458_e3f49cb2f5_o\/'><img loading=\"lazy\" decoding=\"async\" width=\"150\" height=\"150\" src=\"https:\/\/i0.wp.com\/andrea.tomitsch.net\/wp-content\/uploads\/2017\/02\/18337315458_e3f49cb2f5_o.jpg?resize=150%2C150&amp;ssl=1\" class=\"attachment-thumbnail size-thumbnail\" alt=\"\" aria-describedby=\"gallery-1-245\" srcset=\"https:\/\/i0.wp.com\/andrea.tomitsch.net\/wp-content\/uploads\/2017\/02\/18337315458_e3f49cb2f5_o.jpg?resize=150%2C150&amp;ssl=1 150w, https:\/\/i0.wp.com\/andrea.tomitsch.net\/wp-content\/uploads\/2017\/02\/18337315458_e3f49cb2f5_o.jpg?resize=50%2C50&amp;ssl=1 50w, https:\/\/i0.wp.com\/andrea.tomitsch.net\/wp-content\/uploads\/2017\/02\/18337315458_e3f49cb2f5_o.jpg?zoom=2&amp;resize=150%2C150&amp;ssl=1 300w, https:\/\/i0.wp.com\/andrea.tomitsch.net\/wp-content\/uploads\/2017\/02\/18337315458_e3f49cb2f5_o.jpg?zoom=3&amp;resize=150%2C150&amp;ssl=1 450w\" sizes=\"auto, (max-width: 150px) 100vw, 150px\" data-attachment-id=\"245\" data-permalink=\"https:\/\/andrea.tomitsch.net\/en\/werke\/malerei\/18337315458_e3f49cb2f5_o\/\" data-orig-file=\"https:\/\/i0.wp.com\/andrea.tomitsch.net\/wp-content\/uploads\/2017\/02\/18337315458_e3f49cb2f5_o.jpg?fit=3136%2C1410&amp;ssl=1\" data-orig-size=\"3136,1410\" data-comments-opened=\"0\" data-image-meta=\"{&quot;aperture&quot;:&quot;0&quot;,&quot;credit&quot;:&quot;&quot;,&quot;camera&quot;:&quot;&quot;,&quot;caption&quot;:&quot;&quot;,&quot;created_timestamp&quot;:&quot;0&quot;,&quot;copyright&quot;:&quot;&quot;,&quot;focal_length&quot;:&quot;0&quot;,&quot;iso&quot;:&quot;0&quot;,&quot;shutter_speed&quot;:&quot;0&quot;,&quot;title&quot;:&quot;&quot;,&quot;orientation&quot;:&quot;1&quot;}\" data-image-title=\"&amp;#8220;Games\/Zwiespalt&amp;#8221;\" data-image-description=\"&lt;p&gt;Dreiteiler, Gouache\/Acryl auf Leinwand 80 x 180&lt;br \/&gt;\nsign. 2014&lt;\/p&gt;\n\" data-image-caption=\"&lt;p&gt;&amp;#8220;Games\/Zwiespalt&amp;#8221;&lt;\/p&gt;\n\" data-large-file=\"https:\/\/i0.wp.com\/andrea.tomitsch.net\/wp-content\/uploads\/2017\/02\/18337315458_e3f49cb2f5_o.jpg?fit=1024%2C460&amp;ssl=1\" \/><\/a>\n\t\t\t<\/div>\n\t\t\t\t<figcaption class='wp-caption-text gallery-caption' id='gallery-1-245'>\n\t\t\t\t&#8220;Games\/Zwiespalt&#8221;\n\n\t\t\t\t<\/figcaption><\/figure>\n\t\t<\/div>\n\n<p>Die Serie &#8220;Faces &#8211; Gesichter erz\u00e4hlen Geschichten&#8221; ist \u00a0in den Jahren 2012 &#8211; 2014 entstanden. Sie umfasst Studien zahlreicher Gesichter von Menschen aus dem Umfeld der K\u00fcnstlerin. Das Ziel ist, die Menschen in ihrer charakteristischen Augenblicklichkeit zu zeigen. Die Konzentration f\u00e4llt auf das Wesen der Emotionen, die jedem Gesicht anhaften. Die Bandbreite reicht hier von der naturgetreuen <a href=\"http:\/\/andrea.tomitsch.net\/werke\/zeichnungen\/\">Zeichnung mit Grafit, Kohle und Kreide<\/a> bis hin zur stilisierten Aufl\u00f6sung in der Gouache-Malerei.<\/p>\n<div data-carousel-extra='{&quot;blog_id&quot;:1,&quot;permalink&quot;:&quot;https:\/\/andrea.tomitsch.net\/en\/werke\/malerei\/&quot;}' id='gallery-2' class='gallery galleryid-24 gallery-columns-3 gallery-size-thumbnail'><figure class='gallery-item'>\n\t\t\t<div class='gallery-icon landscape'>\n\t\t\t\t<a href='https:\/\/andrea.tomitsch.net\/en\/werke\/malerei\/art-4\/'><img loading=\"lazy\" decoding=\"async\" width=\"150\" height=\"150\" src=\"https:\/\/i0.wp.com\/andrea.tomitsch.net\/wp-content\/uploads\/2017\/02\/Art-3.jpg?resize=150%2C150&amp;ssl=1\" class=\"attachment-thumbnail size-thumbnail\" alt=\"\" aria-describedby=\"gallery-2-247\" srcset=\"https:\/\/i0.wp.com\/andrea.tomitsch.net\/wp-content\/uploads\/2017\/02\/Art-3.jpg?w=1449&amp;ssl=1 1449w, https:\/\/i0.wp.com\/andrea.tomitsch.net\/wp-content\/uploads\/2017\/02\/Art-3.jpg?resize=150%2C150&amp;ssl=1 150w, https:\/\/i0.wp.com\/andrea.tomitsch.net\/wp-content\/uploads\/2017\/02\/Art-3.jpg?resize=300%2C300&amp;ssl=1 300w, https:\/\/i0.wp.com\/andrea.tomitsch.net\/wp-content\/uploads\/2017\/02\/Art-3.jpg?resize=768%2C768&amp;ssl=1 768w, https:\/\/i0.wp.com\/andrea.tomitsch.net\/wp-content\/uploads\/2017\/02\/Art-3.jpg?resize=1024%2C1024&amp;ssl=1 1024w, https:\/\/i0.wp.com\/andrea.tomitsch.net\/wp-content\/uploads\/2017\/02\/Art-3.jpg?resize=50%2C50&amp;ssl=1 50w\" sizes=\"auto, (max-width: 150px) 100vw, 150px\" data-attachment-id=\"247\" data-permalink=\"https:\/\/andrea.tomitsch.net\/en\/werke\/malerei\/art-4\/\" data-orig-file=\"https:\/\/i0.wp.com\/andrea.tomitsch.net\/wp-content\/uploads\/2017\/02\/Art-3.jpg?fit=1449%2C1449&amp;ssl=1\" data-orig-size=\"1449,1449\" data-comments-opened=\"0\" data-image-meta=\"{&quot;aperture&quot;:&quot;4.5&quot;,&quot;credit&quot;:&quot;&quot;,&quot;camera&quot;:&quot;NIKON D80&quot;,&quot;caption&quot;:&quot;&quot;,&quot;created_timestamp&quot;:&quot;1411039604&quot;,&quot;copyright&quot;:&quot;&quot;,&quot;focal_length&quot;:&quot;50&quot;,&quot;iso&quot;:&quot;500&quot;,&quot;shutter_speed&quot;:&quot;0.003125&quot;,&quot;title&quot;:&quot;&quot;,&quot;orientation&quot;:&quot;1&quot;}\" data-image-title=\"&amp;#8220;Faces 39 &amp;#8211; Selbstportrait&amp;#8221;\" data-image-description=\"&lt;p&gt;Gouache auf Leinwand&lt;br \/&gt;\n80 x 80&lt;br \/&gt;\nsign. 2014 &lt;\/p&gt;\n\" data-image-caption=\"&lt;p&gt;&amp;#8220;Faces 39 &amp;#8211; Selbstportrait&amp;#8221;    &lt;\/p&gt;\n\" data-large-file=\"https:\/\/i0.wp.com\/andrea.tomitsch.net\/wp-content\/uploads\/2017\/02\/Art-3.jpg?fit=1024%2C1024&amp;ssl=1\" \/><\/a>\n\t\t\t<\/div>\n\t\t\t\t<figcaption class='wp-caption-text gallery-caption' id='gallery-2-247'>\n\t\t\t\t&#8220;Faces 39 &#8211; Selbstportrait&#8221;    \n\n\t\t\t\t<\/figcaption><\/figure><figure class='gallery-item'>\n\t\t\t<div class='gallery-icon landscape'>\n\t\t\t\t<a href='https:\/\/andrea.tomitsch.net\/en\/werke\/malerei\/dsc_0004245\/'><img loading=\"lazy\" decoding=\"async\" width=\"150\" height=\"150\" src=\"https:\/\/i0.wp.com\/andrea.tomitsch.net\/wp-content\/uploads\/2017\/02\/DSC_0004245.jpg?resize=150%2C150&amp;ssl=1\" class=\"attachment-thumbnail size-thumbnail\" alt=\"\" aria-describedby=\"gallery-2-262\" srcset=\"https:\/\/i0.wp.com\/andrea.tomitsch.net\/wp-content\/uploads\/2017\/02\/DSC_0004245.jpg?w=1191&amp;ssl=1 1191w, https:\/\/i0.wp.com\/andrea.tomitsch.net\/wp-content\/uploads\/2017\/02\/DSC_0004245.jpg?resize=150%2C150&amp;ssl=1 150w, https:\/\/i0.wp.com\/andrea.tomitsch.net\/wp-content\/uploads\/2017\/02\/DSC_0004245.jpg?resize=300%2C300&amp;ssl=1 300w, https:\/\/i0.wp.com\/andrea.tomitsch.net\/wp-content\/uploads\/2017\/02\/DSC_0004245.jpg?resize=768%2C768&amp;ssl=1 768w, https:\/\/i0.wp.com\/andrea.tomitsch.net\/wp-content\/uploads\/2017\/02\/DSC_0004245.jpg?resize=1024%2C1024&amp;ssl=1 1024w, https:\/\/i0.wp.com\/andrea.tomitsch.net\/wp-content\/uploads\/2017\/02\/DSC_0004245.jpg?resize=50%2C50&amp;ssl=1 50w\" sizes=\"auto, (max-width: 150px) 100vw, 150px\" data-attachment-id=\"262\" data-permalink=\"https:\/\/andrea.tomitsch.net\/en\/werke\/malerei\/dsc_0004245\/\" data-orig-file=\"https:\/\/i0.wp.com\/andrea.tomitsch.net\/wp-content\/uploads\/2017\/02\/DSC_0004245.jpg?fit=1191%2C1191&amp;ssl=1\" data-orig-size=\"1191,1191\" data-comments-opened=\"0\" data-image-meta=\"{&quot;aperture&quot;:&quot;4.5&quot;,&quot;credit&quot;:&quot;&quot;,&quot;camera&quot;:&quot;NIKON D80&quot;,&quot;caption&quot;:&quot;&quot;,&quot;created_timestamp&quot;:&quot;1411040363&quot;,&quot;copyright&quot;:&quot;&quot;,&quot;focal_length&quot;:&quot;70&quot;,&quot;iso&quot;:&quot;500&quot;,&quot;shutter_speed&quot;:&quot;0.00625&quot;,&quot;title&quot;:&quot;&quot;,&quot;orientation&quot;:&quot;1&quot;}\" data-image-title=\"&amp;#8220;Faces 30 &amp;#8211; Stadtrat Franz Valland&amp;#8221;\" data-image-description=\"&lt;p&gt;Gouache auf Leinwand 50 x 50&lt;br \/&gt;\nsign. 2014&lt;\/p&gt;\n\" data-image-caption=\"&lt;p&gt;&amp;#8220;Faces 30 &amp;#8211; Stadtrat Franz Valland&amp;#8221;  &lt;\/p&gt;\n\" data-large-file=\"https:\/\/i0.wp.com\/andrea.tomitsch.net\/wp-content\/uploads\/2017\/02\/DSC_0004245.jpg?fit=1024%2C1024&amp;ssl=1\" \/><\/a>\n\t\t\t<\/div>\n\t\t\t\t<figcaption class='wp-caption-text gallery-caption' id='gallery-2-262'>\n\t\t\t\t&#8220;Faces 30 &#8211; Stadtrat Franz Valland&#8221;  \n\n\t\t\t\t<\/figcaption><\/figure><figure class='gallery-item'>\n\t\t\t<div class='gallery-icon landscape'>\n\t\t\t\t<a href='https:\/\/andrea.tomitsch.net\/en\/werke\/malerei\/dsc_0004356\/'><img loading=\"lazy\" decoding=\"async\" width=\"150\" height=\"150\" src=\"https:\/\/i0.wp.com\/andrea.tomitsch.net\/wp-content\/uploads\/2017\/02\/DSC_0004356.jpg?resize=150%2C150&amp;ssl=1\" class=\"attachment-thumbnail size-thumbnail\" alt=\"\" aria-describedby=\"gallery-2-263\" srcset=\"https:\/\/i0.wp.com\/andrea.tomitsch.net\/wp-content\/uploads\/2017\/02\/DSC_0004356.jpg?w=1440&amp;ssl=1 1440w, https:\/\/i0.wp.com\/andrea.tomitsch.net\/wp-content\/uploads\/2017\/02\/DSC_0004356.jpg?resize=150%2C150&amp;ssl=1 150w, https:\/\/i0.wp.com\/andrea.tomitsch.net\/wp-content\/uploads\/2017\/02\/DSC_0004356.jpg?resize=300%2C300&amp;ssl=1 300w, https:\/\/i0.wp.com\/andrea.tomitsch.net\/wp-content\/uploads\/2017\/02\/DSC_0004356.jpg?resize=768%2C768&amp;ssl=1 768w, https:\/\/i0.wp.com\/andrea.tomitsch.net\/wp-content\/uploads\/2017\/02\/DSC_0004356.jpg?resize=1024%2C1024&amp;ssl=1 1024w, https:\/\/i0.wp.com\/andrea.tomitsch.net\/wp-content\/uploads\/2017\/02\/DSC_0004356.jpg?resize=50%2C50&amp;ssl=1 50w\" sizes=\"auto, (max-width: 150px) 100vw, 150px\" data-attachment-id=\"263\" data-permalink=\"https:\/\/andrea.tomitsch.net\/en\/werke\/malerei\/dsc_0004356\/\" data-orig-file=\"https:\/\/i0.wp.com\/andrea.tomitsch.net\/wp-content\/uploads\/2017\/02\/DSC_0004356.jpg?fit=1440%2C1440&amp;ssl=1\" data-orig-size=\"1440,1440\" data-comments-opened=\"0\" data-image-meta=\"{&quot;aperture&quot;:&quot;4.5&quot;,&quot;credit&quot;:&quot;&quot;,&quot;camera&quot;:&quot;NIKON D80&quot;,&quot;caption&quot;:&quot;&quot;,&quot;created_timestamp&quot;:&quot;1411039813&quot;,&quot;copyright&quot;:&quot;&quot;,&quot;focal_length&quot;:&quot;50&quot;,&quot;iso&quot;:&quot;500&quot;,&quot;shutter_speed&quot;:&quot;0.004&quot;,&quot;title&quot;:&quot;&quot;,&quot;orientation&quot;:&quot;1&quot;}\" data-image-title=\"&amp;#8220;Faces 37- Udo Hainthaler&amp;#8221;\" data-image-description=\"&lt;p&gt;Gouache\/Acryl auf Leinwand 80 x 80&lt;br \/&gt;\nsign. 2014&lt;\/p&gt;\n\" data-image-caption=\"&lt;p&gt;&amp;#8220;Faces 37- Udo Hainthaler&amp;#8221;  &lt;\/p&gt;\n\" data-large-file=\"https:\/\/i0.wp.com\/andrea.tomitsch.net\/wp-content\/uploads\/2017\/02\/DSC_0004356.jpg?fit=1024%2C1024&amp;ssl=1\" \/><\/a>\n\t\t\t<\/div>\n\t\t\t\t<figcaption class='wp-caption-text gallery-caption' id='gallery-2-263'>\n\t\t\t\t&#8220;Faces 37- Udo Hainthaler&#8221;  \n\n\t\t\t\t<\/figcaption><\/figure><figure class='gallery-item'>\n\t\t\t<div class='gallery-icon landscape'>\n\t\t\t\t<a href='https:\/\/andrea.tomitsch.net\/en\/werke\/malerei\/dsc_000412\/'><img loading=\"lazy\" decoding=\"async\" width=\"150\" height=\"150\" src=\"https:\/\/i0.wp.com\/andrea.tomitsch.net\/wp-content\/uploads\/2017\/02\/DSC_000412.jpg?resize=150%2C150&amp;ssl=1\" class=\"attachment-thumbnail size-thumbnail\" alt=\"\" aria-describedby=\"gallery-2-253\" srcset=\"https:\/\/i0.wp.com\/andrea.tomitsch.net\/wp-content\/uploads\/2017\/02\/DSC_000412.jpg?w=1453&amp;ssl=1 1453w, https:\/\/i0.wp.com\/andrea.tomitsch.net\/wp-content\/uploads\/2017\/02\/DSC_000412.jpg?resize=150%2C150&amp;ssl=1 150w, https:\/\/i0.wp.com\/andrea.tomitsch.net\/wp-content\/uploads\/2017\/02\/DSC_000412.jpg?resize=300%2C300&amp;ssl=1 300w, https:\/\/i0.wp.com\/andrea.tomitsch.net\/wp-content\/uploads\/2017\/02\/DSC_000412.jpg?resize=768%2C768&amp;ssl=1 768w, https:\/\/i0.wp.com\/andrea.tomitsch.net\/wp-content\/uploads\/2017\/02\/DSC_000412.jpg?resize=1024%2C1024&amp;ssl=1 1024w, https:\/\/i0.wp.com\/andrea.tomitsch.net\/wp-content\/uploads\/2017\/02\/DSC_000412.jpg?resize=50%2C50&amp;ssl=1 50w\" sizes=\"auto, (max-width: 150px) 100vw, 150px\" data-attachment-id=\"253\" data-permalink=\"https:\/\/andrea.tomitsch.net\/en\/werke\/malerei\/dsc_000412\/\" data-orig-file=\"https:\/\/i0.wp.com\/andrea.tomitsch.net\/wp-content\/uploads\/2017\/02\/DSC_000412.jpg?fit=1453%2C1453&amp;ssl=1\" data-orig-size=\"1453,1453\" data-comments-opened=\"0\" data-image-meta=\"{&quot;aperture&quot;:&quot;4.5&quot;,&quot;credit&quot;:&quot;&quot;,&quot;camera&quot;:&quot;NIKON D80&quot;,&quot;caption&quot;:&quot;&quot;,&quot;created_timestamp&quot;:&quot;1411039495&quot;,&quot;copyright&quot;:&quot;&quot;,&quot;focal_length&quot;:&quot;50&quot;,&quot;iso&quot;:&quot;500&quot;,&quot;shutter_speed&quot;:&quot;0.001&quot;,&quot;title&quot;:&quot;&quot;,&quot;orientation&quot;:&quot;1&quot;}\" data-image-title=\"&amp;#8220;Faces 36 &amp;#8211; Mag. Clemens Neugebauer&amp;#8221;\" data-image-description=\"&lt;p&gt;Gouache\/Acryl auf Leinwand 80 x 80&lt;br \/&gt;\nsign. 2014&lt;\/p&gt;\n\" data-image-caption=\"&lt;p&gt;&amp;#8220;Faces 36 &amp;#8211; Mag. Clemens Neugebauer&amp;#8221;&lt;\/p&gt;\n\" data-large-file=\"https:\/\/i0.wp.com\/andrea.tomitsch.net\/wp-content\/uploads\/2017\/02\/DSC_000412.jpg?fit=1024%2C1024&amp;ssl=1\" \/><\/a>\n\t\t\t<\/div>\n\t\t\t\t<figcaption class='wp-caption-text gallery-caption' id='gallery-2-253'>\n\t\t\t\t&#8220;Faces 36 &#8211; Mag. Clemens Neugebauer&#8221;\n\n\t\t\t\t<\/figcaption><\/figure><figure class='gallery-item'>\n\t\t\t<div class='gallery-icon landscape'>\n\t\t\t\t<a href='https:\/\/andrea.tomitsch.net\/en\/werke\/malerei\/dsc_000476\/'><img loading=\"lazy\" decoding=\"async\" width=\"150\" height=\"150\" src=\"https:\/\/i0.wp.com\/andrea.tomitsch.net\/wp-content\/uploads\/2017\/02\/DSC_000476.jpg?resize=150%2C150&amp;ssl=1\" class=\"attachment-thumbnail size-thumbnail\" alt=\"\" aria-describedby=\"gallery-2-254\" srcset=\"https:\/\/i0.wp.com\/andrea.tomitsch.net\/wp-content\/uploads\/2017\/02\/DSC_000476.jpg?w=1449&amp;ssl=1 1449w, https:\/\/i0.wp.com\/andrea.tomitsch.net\/wp-content\/uploads\/2017\/02\/DSC_000476.jpg?resize=150%2C150&amp;ssl=1 150w, https:\/\/i0.wp.com\/andrea.tomitsch.net\/wp-content\/uploads\/2017\/02\/DSC_000476.jpg?resize=300%2C300&amp;ssl=1 300w, https:\/\/i0.wp.com\/andrea.tomitsch.net\/wp-content\/uploads\/2017\/02\/DSC_000476.jpg?resize=768%2C768&amp;ssl=1 768w, https:\/\/i0.wp.com\/andrea.tomitsch.net\/wp-content\/uploads\/2017\/02\/DSC_000476.jpg?resize=1024%2C1024&amp;ssl=1 1024w, https:\/\/i0.wp.com\/andrea.tomitsch.net\/wp-content\/uploads\/2017\/02\/DSC_000476.jpg?resize=50%2C50&amp;ssl=1 50w\" sizes=\"auto, (max-width: 150px) 100vw, 150px\" data-attachment-id=\"254\" data-permalink=\"https:\/\/andrea.tomitsch.net\/en\/werke\/malerei\/dsc_000476\/\" data-orig-file=\"https:\/\/i0.wp.com\/andrea.tomitsch.net\/wp-content\/uploads\/2017\/02\/DSC_000476.jpg?fit=1449%2C1449&amp;ssl=1\" data-orig-size=\"1449,1449\" data-comments-opened=\"0\" data-image-meta=\"{&quot;aperture&quot;:&quot;4.5&quot;,&quot;credit&quot;:&quot;&quot;,&quot;camera&quot;:&quot;NIKON D80&quot;,&quot;caption&quot;:&quot;&quot;,&quot;created_timestamp&quot;:&quot;1411039225&quot;,&quot;copyright&quot;:&quot;&quot;,&quot;focal_length&quot;:&quot;50&quot;,&quot;iso&quot;:&quot;500&quot;,&quot;shutter_speed&quot;:&quot;0.0008&quot;,&quot;title&quot;:&quot;&quot;,&quot;orientation&quot;:&quot;1&quot;}\" data-image-title=\"&amp;#8220;Faces 34 &amp;#8211; Stadtrat Franz Valland&amp;#8221;\" data-image-description=\"&lt;p&gt;Gouache\/Acryl auf Leinwand 80 x 80&lt;br \/&gt;\nsign. 2014&lt;\/p&gt;\n\" data-image-caption=\"&lt;p&gt;&amp;#8220;Faces 34 &amp;#8211; Stadtrat Franz Valland&amp;#8221; &lt;\/p&gt;\n\" data-large-file=\"https:\/\/i0.wp.com\/andrea.tomitsch.net\/wp-content\/uploads\/2017\/02\/DSC_000476.jpg?fit=1024%2C1024&amp;ssl=1\" \/><\/a>\n\t\t\t<\/div>\n\t\t\t\t<figcaption class='wp-caption-text gallery-caption' id='gallery-2-254'>\n\t\t\t\t&#8220;Faces 34 &#8211; Stadtrat Franz Valland&#8221; \n\n\t\t\t\t<\/figcaption><\/figure><figure class='gallery-item'>\n\t\t\t<div class='gallery-icon landscape'>\n\t\t\t\t<a href='https:\/\/andrea.tomitsch.net\/en\/werke\/malerei\/dsc_00044678\/'><img loading=\"lazy\" decoding=\"async\" width=\"150\" height=\"150\" src=\"https:\/\/i0.wp.com\/andrea.tomitsch.net\/wp-content\/uploads\/2017\/02\/DSC_00044678.jpg?resize=150%2C150&amp;ssl=1\" class=\"attachment-thumbnail size-thumbnail\" alt=\"\" aria-describedby=\"gallery-2-264\" srcset=\"https:\/\/i0.wp.com\/andrea.tomitsch.net\/wp-content\/uploads\/2017\/02\/DSC_00044678.jpg?w=1453&amp;ssl=1 1453w, https:\/\/i0.wp.com\/andrea.tomitsch.net\/wp-content\/uploads\/2017\/02\/DSC_00044678.jpg?resize=150%2C150&amp;ssl=1 150w, https:\/\/i0.wp.com\/andrea.tomitsch.net\/wp-content\/uploads\/2017\/02\/DSC_00044678.jpg?resize=300%2C300&amp;ssl=1 300w, https:\/\/i0.wp.com\/andrea.tomitsch.net\/wp-content\/uploads\/2017\/02\/DSC_00044678.jpg?resize=768%2C768&amp;ssl=1 768w, https:\/\/i0.wp.com\/andrea.tomitsch.net\/wp-content\/uploads\/2017\/02\/DSC_00044678.jpg?resize=1024%2C1024&amp;ssl=1 1024w, https:\/\/i0.wp.com\/andrea.tomitsch.net\/wp-content\/uploads\/2017\/02\/DSC_00044678.jpg?resize=50%2C50&amp;ssl=1 50w\" sizes=\"auto, (max-width: 150px) 100vw, 150px\" data-attachment-id=\"264\" data-permalink=\"https:\/\/andrea.tomitsch.net\/en\/werke\/malerei\/dsc_00044678\/\" data-orig-file=\"https:\/\/i0.wp.com\/andrea.tomitsch.net\/wp-content\/uploads\/2017\/02\/DSC_00044678.jpg?fit=1453%2C1453&amp;ssl=1\" data-orig-size=\"1453,1453\" data-comments-opened=\"0\" data-image-meta=\"{&quot;aperture&quot;:&quot;4.5&quot;,&quot;credit&quot;:&quot;&quot;,&quot;camera&quot;:&quot;NIKON D80&quot;,&quot;caption&quot;:&quot;&quot;,&quot;created_timestamp&quot;:&quot;1411038768&quot;,&quot;copyright&quot;:&quot;&quot;,&quot;focal_length&quot;:&quot;50&quot;,&quot;iso&quot;:&quot;500&quot;,&quot;shutter_speed&quot;:&quot;0.003125&quot;,&quot;title&quot;:&quot;&quot;,&quot;orientation&quot;:&quot;1&quot;}\" data-image-title=\"&amp;#8220;Faces 38 &amp;#8211; Stadtrat Willibald Mautner&amp;#8221;\" data-image-description=\"&lt;p&gt;Gouache\/Acryl auf Leinwand 80 x 80&lt;br \/&gt;\nsign. 2014&lt;\/p&gt;\n\" data-image-caption=\"&lt;p&gt;&amp;#8220;Faces 38 &amp;#8211; Stadtrat Willibald Mautner&amp;#8221;  &lt;\/p&gt;\n\" data-large-file=\"https:\/\/i0.wp.com\/andrea.tomitsch.net\/wp-content\/uploads\/2017\/02\/DSC_00044678.jpg?fit=1024%2C1024&amp;ssl=1\" \/><\/a>\n\t\t\t<\/div>\n\t\t\t\t<figcaption class='wp-caption-text gallery-caption' id='gallery-2-264'>\n\t\t\t\t&#8220;Faces 38 &#8211; Stadtrat Willibald Mautner&#8221;  \n\t\t\t\t<\/figcaption><\/figure><figure class='gallery-item'>\n\t\t\t<div class='gallery-icon landscape'>\n\t\t\t\t<a href='https:\/\/andrea.tomitsch.net\/en\/werke\/malerei\/dsc_00043908\/'><img loading=\"lazy\" decoding=\"async\" width=\"150\" height=\"150\" src=\"https:\/\/i0.wp.com\/andrea.tomitsch.net\/wp-content\/uploads\/2017\/02\/DSC_00043908.jpg?resize=150%2C150&amp;ssl=1\" class=\"attachment-thumbnail size-thumbnail\" alt=\"\" aria-describedby=\"gallery-2-259\" srcset=\"https:\/\/i0.wp.com\/andrea.tomitsch.net\/wp-content\/uploads\/2017\/02\/DSC_00043908.jpg?w=1459&amp;ssl=1 1459w, https:\/\/i0.wp.com\/andrea.tomitsch.net\/wp-content\/uploads\/2017\/02\/DSC_00043908.jpg?resize=150%2C150&amp;ssl=1 150w, https:\/\/i0.wp.com\/andrea.tomitsch.net\/wp-content\/uploads\/2017\/02\/DSC_00043908.jpg?resize=300%2C300&amp;ssl=1 300w, https:\/\/i0.wp.com\/andrea.tomitsch.net\/wp-content\/uploads\/2017\/02\/DSC_00043908.jpg?resize=768%2C765&amp;ssl=1 768w, https:\/\/i0.wp.com\/andrea.tomitsch.net\/wp-content\/uploads\/2017\/02\/DSC_00043908.jpg?resize=1024%2C1020&amp;ssl=1 1024w, https:\/\/i0.wp.com\/andrea.tomitsch.net\/wp-content\/uploads\/2017\/02\/DSC_00043908.jpg?resize=50%2C50&amp;ssl=1 50w\" sizes=\"auto, (max-width: 150px) 100vw, 150px\" data-attachment-id=\"259\" data-permalink=\"https:\/\/andrea.tomitsch.net\/en\/werke\/malerei\/dsc_00043908\/\" data-orig-file=\"https:\/\/i0.wp.com\/andrea.tomitsch.net\/wp-content\/uploads\/2017\/02\/DSC_00043908.jpg?fit=1459%2C1453&amp;ssl=1\" data-orig-size=\"1459,1453\" data-comments-opened=\"0\" data-image-meta=\"{&quot;aperture&quot;:&quot;4.5&quot;,&quot;credit&quot;:&quot;&quot;,&quot;camera&quot;:&quot;NIKON D80&quot;,&quot;caption&quot;:&quot;&quot;,&quot;created_timestamp&quot;:&quot;1408274057&quot;,&quot;copyright&quot;:&quot;&quot;,&quot;focal_length&quot;:&quot;70&quot;,&quot;iso&quot;:&quot;125&quot;,&quot;shutter_speed&quot;:&quot;0.0005&quot;,&quot;title&quot;:&quot;&quot;,&quot;orientation&quot;:&quot;1&quot;}\" data-image-title=\"&amp;#8220;Faces 32 &amp;#8211; Bgm. Kurt Wallner&amp;#8221;\" data-image-description=\"&lt;p&gt;Gouache auf Leinwand 50 x 50&lt;br \/&gt;\nsign. 2014&lt;\/p&gt;\n\" data-image-caption=\"&lt;p&gt;&amp;#8220;Faces 32 &amp;#8211; Bgm. Kurt Wallner&amp;#8221; &lt;\/p&gt;\n\" data-large-file=\"https:\/\/i0.wp.com\/andrea.tomitsch.net\/wp-content\/uploads\/2017\/02\/DSC_00043908.jpg?fit=1024%2C1020&amp;ssl=1\" \/><\/a>\n\t\t\t<\/div>\n\t\t\t\t<figcaption class='wp-caption-text gallery-caption' id='gallery-2-259'>\n\t\t\t\t&#8220;Faces 32 &#8211; Bgm. Kurt Wallner&#8221; \n\n\t\t\t\t<\/figcaption><\/figure><figure class='gallery-item'>\n\t\t\t<div class='gallery-icon portrait'>\n\t\t\t\t<a href='https:\/\/andrea.tomitsch.net\/en\/werke\/malerei\/andrea-kl\/'><img loading=\"lazy\" decoding=\"async\" width=\"150\" height=\"150\" src=\"https:\/\/i0.wp.com\/andrea.tomitsch.net\/wp-content\/uploads\/2017\/02\/Andrea-kl.jpg?resize=150%2C150&amp;ssl=1\" class=\"attachment-thumbnail size-thumbnail\" alt=\"\" aria-describedby=\"gallery-2-261\" srcset=\"https:\/\/i0.wp.com\/andrea.tomitsch.net\/wp-content\/uploads\/2017\/02\/Andrea-kl.jpg?w=1449&amp;ssl=1 1449w, https:\/\/i0.wp.com\/andrea.tomitsch.net\/wp-content\/uploads\/2017\/02\/Andrea-kl.jpg?resize=150%2C150&amp;ssl=1 150w, https:\/\/i0.wp.com\/andrea.tomitsch.net\/wp-content\/uploads\/2017\/02\/Andrea-kl.jpg?resize=298%2C300&amp;ssl=1 298w, https:\/\/i0.wp.com\/andrea.tomitsch.net\/wp-content\/uploads\/2017\/02\/Andrea-kl.jpg?resize=768%2C774&amp;ssl=1 768w, https:\/\/i0.wp.com\/andrea.tomitsch.net\/wp-content\/uploads\/2017\/02\/Andrea-kl.jpg?resize=1016%2C1024&amp;ssl=1 1016w, https:\/\/i0.wp.com\/andrea.tomitsch.net\/wp-content\/uploads\/2017\/02\/Andrea-kl.jpg?resize=50%2C50&amp;ssl=1 50w\" sizes=\"auto, (max-width: 150px) 100vw, 150px\" data-attachment-id=\"261\" data-permalink=\"https:\/\/andrea.tomitsch.net\/en\/werke\/malerei\/andrea-kl\/\" data-orig-file=\"https:\/\/i0.wp.com\/andrea.tomitsch.net\/wp-content\/uploads\/2017\/02\/Andrea-kl.jpg?fit=1449%2C1460&amp;ssl=1\" data-orig-size=\"1449,1460\" data-comments-opened=\"0\" data-image-meta=\"{&quot;aperture&quot;:&quot;4.5&quot;,&quot;credit&quot;:&quot;&quot;,&quot;camera&quot;:&quot;NIKON D80&quot;,&quot;caption&quot;:&quot;&quot;,&quot;created_timestamp&quot;:&quot;1408274022&quot;,&quot;copyright&quot;:&quot;&quot;,&quot;focal_length&quot;:&quot;70&quot;,&quot;iso&quot;:&quot;125&quot;,&quot;shutter_speed&quot;:&quot;0.0003125&quot;,&quot;title&quot;:&quot;&quot;,&quot;orientation&quot;:&quot;1&quot;}\" data-image-title=\"&amp;#8220;Faces 31 &amp;#8211; Andrea Radinger Reisner&amp;#8221;\" data-image-description=\"&lt;p&gt;Gouache auf Leinwand 50 x 50&lt;br \/&gt;\nsign. 2014&lt;\/p&gt;\n\" data-image-caption=\"&lt;p&gt;&amp;#8220;Faces 31 &amp;#8211; Andrea Radinger Reisner&amp;#8221; &lt;\/p&gt;\n\" data-large-file=\"https:\/\/i0.wp.com\/andrea.tomitsch.net\/wp-content\/uploads\/2017\/02\/Andrea-kl.jpg?fit=1016%2C1024&amp;ssl=1\" \/><\/a>\n\t\t\t<\/div>\n\t\t\t\t<figcaption class='wp-caption-text gallery-caption' id='gallery-2-261'>\n\t\t\t\t&#8220;Faces 31 &#8211; Andrea Radinger Reisner&#8221; \n\n\t\t\t\t<\/figcaption><\/figure><figure class='gallery-item'>\n\t\t\t<div class='gallery-icon landscape'>\n\t\t\t\t<a href='https:\/\/andrea.tomitsch.net\/en\/werke\/malerei\/dsc_0004\/'><img loading=\"lazy\" decoding=\"async\" width=\"150\" height=\"150\" src=\"https:\/\/i0.wp.com\/andrea.tomitsch.net\/wp-content\/uploads\/2017\/02\/DSC_0004.jpg?resize=150%2C150&amp;ssl=1\" class=\"attachment-thumbnail size-thumbnail\" alt=\"\" aria-describedby=\"gallery-2-248\" srcset=\"https:\/\/i0.wp.com\/andrea.tomitsch.net\/wp-content\/uploads\/2017\/02\/DSC_0004.jpg?w=1451&amp;ssl=1 1451w, https:\/\/i0.wp.com\/andrea.tomitsch.net\/wp-content\/uploads\/2017\/02\/DSC_0004.jpg?resize=150%2C150&amp;ssl=1 150w, https:\/\/i0.wp.com\/andrea.tomitsch.net\/wp-content\/uploads\/2017\/02\/DSC_0004.jpg?resize=300%2C300&amp;ssl=1 300w, https:\/\/i0.wp.com\/andrea.tomitsch.net\/wp-content\/uploads\/2017\/02\/DSC_0004.jpg?resize=768%2C768&amp;ssl=1 768w, https:\/\/i0.wp.com\/andrea.tomitsch.net\/wp-content\/uploads\/2017\/02\/DSC_0004.jpg?resize=1024%2C1024&amp;ssl=1 1024w, https:\/\/i0.wp.com\/andrea.tomitsch.net\/wp-content\/uploads\/2017\/02\/DSC_0004.jpg?resize=50%2C50&amp;ssl=1 50w\" sizes=\"auto, (max-width: 150px) 100vw, 150px\" data-attachment-id=\"248\" data-permalink=\"https:\/\/andrea.tomitsch.net\/en\/werke\/malerei\/dsc_0004\/\" data-orig-file=\"https:\/\/i0.wp.com\/andrea.tomitsch.net\/wp-content\/uploads\/2017\/02\/DSC_0004.jpg?fit=1451%2C1451&amp;ssl=1\" data-orig-size=\"1451,1451\" data-comments-opened=\"0\" data-image-meta=\"{&quot;aperture&quot;:&quot;4.5&quot;,&quot;credit&quot;:&quot;&quot;,&quot;camera&quot;:&quot;NIKON D80&quot;,&quot;caption&quot;:&quot;&quot;,&quot;created_timestamp&quot;:&quot;1409049727&quot;,&quot;copyright&quot;:&quot;&quot;,&quot;focal_length&quot;:&quot;40&quot;,&quot;iso&quot;:&quot;500&quot;,&quot;shutter_speed&quot;:&quot;0.004&quot;,&quot;title&quot;:&quot;&quot;,&quot;orientation&quot;:&quot;1&quot;}\" data-image-title=\"&amp;#8220;Faces 20 &amp;#8211; Udo Hainthaler&amp;#8221;\" data-image-description=\"&lt;p&gt;Gouache auf Leinwand 20 x 20&lt;br \/&gt;\nsign. 2014&lt;\/p&gt;\n\" data-image-caption=\"&lt;p&gt;&amp;#8220;Faces 20 &amp;#8211; Udo Hainthaler&amp;#8221;  &lt;\/p&gt;\n\" data-large-file=\"https:\/\/i0.wp.com\/andrea.tomitsch.net\/wp-content\/uploads\/2017\/02\/DSC_0004.jpg?fit=1024%2C1024&amp;ssl=1\" \/><\/a>\n\t\t\t<\/div>\n\t\t\t\t<figcaption class='wp-caption-text gallery-caption' id='gallery-2-248'>\n\t\t\t\t&#8220;Faces 20 &#8211; Udo Hainthaler&#8221;  \n\n\t\t\t\t<\/figcaption><\/figure><figure class='gallery-item'>\n\t\t\t<div class='gallery-icon landscape'>\n\t\t\t\t<a href='https:\/\/andrea.tomitsch.net\/en\/werke\/malerei\/dsc_0007\/'><img loading=\"lazy\" decoding=\"async\" width=\"150\" height=\"150\" src=\"https:\/\/i0.wp.com\/andrea.tomitsch.net\/wp-content\/uploads\/2017\/02\/DSC_0007.jpg?resize=150%2C150&amp;ssl=1\" class=\"attachment-thumbnail size-thumbnail\" alt=\"\" aria-describedby=\"gallery-2-249\" srcset=\"https:\/\/i0.wp.com\/andrea.tomitsch.net\/wp-content\/uploads\/2017\/02\/DSC_0007.jpg?w=1465&amp;ssl=1 1465w, https:\/\/i0.wp.com\/andrea.tomitsch.net\/wp-content\/uploads\/2017\/02\/DSC_0007.jpg?resize=150%2C150&amp;ssl=1 150w, https:\/\/i0.wp.com\/andrea.tomitsch.net\/wp-content\/uploads\/2017\/02\/DSC_0007.jpg?resize=300%2C300&amp;ssl=1 300w, https:\/\/i0.wp.com\/andrea.tomitsch.net\/wp-content\/uploads\/2017\/02\/DSC_0007.jpg?resize=768%2C768&amp;ssl=1 768w, https:\/\/i0.wp.com\/andrea.tomitsch.net\/wp-content\/uploads\/2017\/02\/DSC_0007.jpg?resize=1024%2C1024&amp;ssl=1 1024w, https:\/\/i0.wp.com\/andrea.tomitsch.net\/wp-content\/uploads\/2017\/02\/DSC_0007.jpg?resize=50%2C50&amp;ssl=1 50w\" sizes=\"auto, (max-width: 150px) 100vw, 150px\" data-attachment-id=\"249\" data-permalink=\"https:\/\/andrea.tomitsch.net\/en\/werke\/malerei\/dsc_0007\/\" data-orig-file=\"https:\/\/i0.wp.com\/andrea.tomitsch.net\/wp-content\/uploads\/2017\/02\/DSC_0007.jpg?fit=1465%2C1465&amp;ssl=1\" data-orig-size=\"1465,1465\" data-comments-opened=\"0\" data-image-meta=\"{&quot;aperture&quot;:&quot;4.5&quot;,&quot;credit&quot;:&quot;&quot;,&quot;camera&quot;:&quot;NIKON D80&quot;,&quot;caption&quot;:&quot;&quot;,&quot;created_timestamp&quot;:&quot;1409049792&quot;,&quot;copyright&quot;:&quot;&quot;,&quot;focal_length&quot;:&quot;40&quot;,&quot;iso&quot;:&quot;500&quot;,&quot;shutter_speed&quot;:&quot;0.00025&quot;,&quot;title&quot;:&quot;&quot;,&quot;orientation&quot;:&quot;1&quot;}\" data-image-title=\"&amp;#8220;Faces 21 &amp;#8211; Andrea Radinger Reisner&amp;#8221;\" data-image-description=\"&lt;p&gt;Gouache auf Leinwand 20 x 20&lt;br \/&gt;\nsign. 2014&lt;\/p&gt;\n\" data-image-caption=\"&lt;p&gt;&amp;#8220;Faces 21 &amp;#8211; Andrea Radinger Reisner&amp;#8221; &lt;\/p&gt;\n\" data-large-file=\"https:\/\/i0.wp.com\/andrea.tomitsch.net\/wp-content\/uploads\/2017\/02\/DSC_0007.jpg?fit=1024%2C1024&amp;ssl=1\" \/><\/a>\n\t\t\t<\/div>\n\t\t\t\t<figcaption class='wp-caption-text gallery-caption' id='gallery-2-249'>\n\t\t\t\t&#8220;Faces 21 &#8211; Andrea Radinger Reisner&#8221; \n\n\t\t\t\t<\/figcaption><\/figure><figure class='gallery-item'>\n\t\t\t<div class='gallery-icon landscape'>\n\t\t\t\t<a href='https:\/\/andrea.tomitsch.net\/en\/werke\/malerei\/dsc_0010\/'><img loading=\"lazy\" decoding=\"async\" width=\"150\" height=\"150\" src=\"https:\/\/i0.wp.com\/andrea.tomitsch.net\/wp-content\/uploads\/2017\/02\/DSC_0010.jpg?resize=150%2C150&amp;ssl=1\" class=\"attachment-thumbnail size-thumbnail\" alt=\"\" aria-describedby=\"gallery-2-250\" srcset=\"https:\/\/i0.wp.com\/andrea.tomitsch.net\/wp-content\/uploads\/2017\/02\/DSC_0010.jpg?w=1448&amp;ssl=1 1448w, https:\/\/i0.wp.com\/andrea.tomitsch.net\/wp-content\/uploads\/2017\/02\/DSC_0010.jpg?resize=150%2C150&amp;ssl=1 150w, https:\/\/i0.wp.com\/andrea.tomitsch.net\/wp-content\/uploads\/2017\/02\/DSC_0010.jpg?resize=300%2C300&amp;ssl=1 300w, https:\/\/i0.wp.com\/andrea.tomitsch.net\/wp-content\/uploads\/2017\/02\/DSC_0010.jpg?resize=768%2C768&amp;ssl=1 768w, https:\/\/i0.wp.com\/andrea.tomitsch.net\/wp-content\/uploads\/2017\/02\/DSC_0010.jpg?resize=1024%2C1024&amp;ssl=1 1024w, https:\/\/i0.wp.com\/andrea.tomitsch.net\/wp-content\/uploads\/2017\/02\/DSC_0010.jpg?resize=50%2C50&amp;ssl=1 50w\" sizes=\"auto, (max-width: 150px) 100vw, 150px\" data-attachment-id=\"250\" data-permalink=\"https:\/\/andrea.tomitsch.net\/en\/werke\/malerei\/dsc_0010\/\" data-orig-file=\"https:\/\/i0.wp.com\/andrea.tomitsch.net\/wp-content\/uploads\/2017\/02\/DSC_0010.jpg?fit=1448%2C1448&amp;ssl=1\" data-orig-size=\"1448,1448\" data-comments-opened=\"0\" data-image-meta=\"{&quot;aperture&quot;:&quot;4.5&quot;,&quot;credit&quot;:&quot;&quot;,&quot;camera&quot;:&quot;NIKON D80&quot;,&quot;caption&quot;:&quot;&quot;,&quot;created_timestamp&quot;:&quot;1409049853&quot;,&quot;copyright&quot;:&quot;&quot;,&quot;focal_length&quot;:&quot;40&quot;,&quot;iso&quot;:&quot;500&quot;,&quot;shutter_speed&quot;:&quot;0.001&quot;,&quot;title&quot;:&quot;&quot;,&quot;orientation&quot;:&quot;1&quot;}\" data-image-title=\"&amp;#8220;Faces 22 &amp;#8211; Bgm. Kurt Wallner&amp;#8221;\" data-image-description=\"&lt;p&gt;Gouache auf Leinwand 20 x 20&lt;br \/&gt;\nsign. 201&lt;\/p&gt;\n\" data-image-caption=\"&lt;p&gt;&amp;#8220;Faces 22 &amp;#8211; Bgm. Kurt Wallner&amp;#8221; &lt;\/p&gt;\n\" data-large-file=\"https:\/\/i0.wp.com\/andrea.tomitsch.net\/wp-content\/uploads\/2017\/02\/DSC_0010.jpg?fit=1024%2C1024&amp;ssl=1\" \/><\/a>\n\t\t\t<\/div>\n\t\t\t\t<figcaption class='wp-caption-text gallery-caption' id='gallery-2-250'>\n\t\t\t\t&#8220;Faces 22 &#8211; Bgm. Kurt Wallner&#8221; \n\n\t\t\t\t<\/figcaption><\/figure><figure class='gallery-item'>\n\t\t\t<div class='gallery-icon landscape'>\n\t\t\t\t<a href='https:\/\/andrea.tomitsch.net\/en\/werke\/malerei\/dsc_0012-2\/'><img loading=\"lazy\" decoding=\"async\" width=\"150\" height=\"150\" src=\"https:\/\/i0.wp.com\/andrea.tomitsch.net\/wp-content\/uploads\/2017\/02\/DSC_0012-1.jpg?resize=150%2C150&amp;ssl=1\" class=\"attachment-thumbnail size-thumbnail\" alt=\"\" aria-describedby=\"gallery-2-252\" srcset=\"https:\/\/i0.wp.com\/andrea.tomitsch.net\/wp-content\/uploads\/2017\/02\/DSC_0012-1.jpg?w=1501&amp;ssl=1 1501w, https:\/\/i0.wp.com\/andrea.tomitsch.net\/wp-content\/uploads\/2017\/02\/DSC_0012-1.jpg?resize=150%2C150&amp;ssl=1 150w, https:\/\/i0.wp.com\/andrea.tomitsch.net\/wp-content\/uploads\/2017\/02\/DSC_0012-1.jpg?resize=300%2C298&amp;ssl=1 300w, https:\/\/i0.wp.com\/andrea.tomitsch.net\/wp-content\/uploads\/2017\/02\/DSC_0012-1.jpg?resize=768%2C763&amp;ssl=1 768w, https:\/\/i0.wp.com\/andrea.tomitsch.net\/wp-content\/uploads\/2017\/02\/DSC_0012-1.jpg?resize=1024%2C1017&amp;ssl=1 1024w, https:\/\/i0.wp.com\/andrea.tomitsch.net\/wp-content\/uploads\/2017\/02\/DSC_0012-1.jpg?resize=50%2C50&amp;ssl=1 50w\" sizes=\"auto, (max-width: 150px) 100vw, 150px\" data-attachment-id=\"252\" data-permalink=\"https:\/\/andrea.tomitsch.net\/en\/werke\/malerei\/dsc_0012-2\/\" data-orig-file=\"https:\/\/i0.wp.com\/andrea.tomitsch.net\/wp-content\/uploads\/2017\/02\/DSC_0012-1.jpg?fit=1501%2C1491&amp;ssl=1\" data-orig-size=\"1501,1491\" data-comments-opened=\"0\" data-image-meta=\"{&quot;aperture&quot;:&quot;4.5&quot;,&quot;credit&quot;:&quot;&quot;,&quot;camera&quot;:&quot;NIKON D80&quot;,&quot;caption&quot;:&quot;&quot;,&quot;created_timestamp&quot;:&quot;1409049886&quot;,&quot;copyright&quot;:&quot;&quot;,&quot;focal_length&quot;:&quot;40&quot;,&quot;iso&quot;:&quot;500&quot;,&quot;shutter_speed&quot;:&quot;0.000625&quot;,&quot;title&quot;:&quot;&quot;,&quot;orientation&quot;:&quot;1&quot;}\" data-image-title=\"&amp;#8220;Faces 23 &amp;#8211; Mag. Clemens Neugebauer&amp;#8221;\" data-image-description=\"&lt;p&gt;Gouache auf Leinwand 20 x 20&lt;br \/&gt;\nsign. 2014&lt;\/p&gt;\n\" data-image-caption=\"&lt;p&gt;&amp;#8220;Faces 23 &amp;#8211; Mag. Clemens Neugebauer&amp;#8221; &lt;\/p&gt;\n\" data-large-file=\"https:\/\/i0.wp.com\/andrea.tomitsch.net\/wp-content\/uploads\/2017\/02\/DSC_0012-1.jpg?fit=1024%2C1017&amp;ssl=1\" \/><\/a>\n\t\t\t<\/div>\n\t\t\t\t<figcaption class='wp-caption-text gallery-caption' id='gallery-2-252'>\n\t\t\t\t&#8220;Faces 23 &#8211; Mag. Clemens Neugebauer&#8221; \n\n\t\t\t\t<\/figcaption><\/figure><figure class='gallery-item'>\n\t\t\t<div class='gallery-icon portrait'>\n\t\t\t\t<a href='https:\/\/andrea.tomitsch.net\/en\/werke\/malerei\/dsc_00047345\/'><img loading=\"lazy\" decoding=\"async\" width=\"150\" height=\"150\" src=\"https:\/\/i0.wp.com\/andrea.tomitsch.net\/wp-content\/uploads\/2017\/02\/DSC_00047345.jpg?resize=150%2C150&amp;ssl=1\" class=\"attachment-thumbnail size-thumbnail\" alt=\"\" aria-describedby=\"gallery-2-260\" srcset=\"https:\/\/i0.wp.com\/andrea.tomitsch.net\/wp-content\/uploads\/2017\/02\/DSC_00047345.jpg?w=1104&amp;ssl=1 1104w, https:\/\/i0.wp.com\/andrea.tomitsch.net\/wp-content\/uploads\/2017\/02\/DSC_00047345.jpg?resize=150%2C150&amp;ssl=1 150w, https:\/\/i0.wp.com\/andrea.tomitsch.net\/wp-content\/uploads\/2017\/02\/DSC_00047345.jpg?resize=300%2C300&amp;ssl=1 300w, https:\/\/i0.wp.com\/andrea.tomitsch.net\/wp-content\/uploads\/2017\/02\/DSC_00047345.jpg?resize=768%2C769&amp;ssl=1 768w, https:\/\/i0.wp.com\/andrea.tomitsch.net\/wp-content\/uploads\/2017\/02\/DSC_00047345.jpg?resize=1022%2C1024&amp;ssl=1 1022w, https:\/\/i0.wp.com\/andrea.tomitsch.net\/wp-content\/uploads\/2017\/02\/DSC_00047345.jpg?resize=50%2C50&amp;ssl=1 50w\" sizes=\"auto, (max-width: 150px) 100vw, 150px\" data-attachment-id=\"260\" data-permalink=\"https:\/\/andrea.tomitsch.net\/en\/werke\/malerei\/dsc_00047345\/\" data-orig-file=\"https:\/\/i0.wp.com\/andrea.tomitsch.net\/wp-content\/uploads\/2017\/02\/DSC_00047345.jpg?fit=1104%2C1106&amp;ssl=1\" data-orig-size=\"1104,1106\" data-comments-opened=\"0\" data-image-meta=\"{&quot;aperture&quot;:&quot;0&quot;,&quot;credit&quot;:&quot;&quot;,&quot;camera&quot;:&quot;&quot;,&quot;caption&quot;:&quot;&quot;,&quot;created_timestamp&quot;:&quot;0&quot;,&quot;copyright&quot;:&quot;&quot;,&quot;focal_length&quot;:&quot;0&quot;,&quot;iso&quot;:&quot;0&quot;,&quot;shutter_speed&quot;:&quot;0&quot;,&quot;title&quot;:&quot;&quot;,&quot;orientation&quot;:&quot;1&quot;}\" data-image-title=\"&amp;#8220;Faces 25 &amp;#8211; Stefan H\u00f6dl-Tomitsch&amp;#8221;\" data-image-description=\"&lt;p&gt;Mischtechnik auf Leinwand 20 x 20&lt;br \/&gt;\nsign. 2013&lt;\/p&gt;\n\" data-image-caption=\"&lt;p&gt;&amp;#8220;Faces 25 &amp;#8211; Stefan H\u00f6dl-Tomitsch&amp;#8221; &lt;\/p&gt;\n\" data-large-file=\"https:\/\/i0.wp.com\/andrea.tomitsch.net\/wp-content\/uploads\/2017\/02\/DSC_00047345.jpg?fit=1022%2C1024&amp;ssl=1\" \/><\/a>\n\t\t\t<\/div>\n\t\t\t\t<figcaption class='wp-caption-text gallery-caption' id='gallery-2-260'>\n\t\t\t\t&#8220;Faces 25 &#8211; Stefan H\u00f6dl-Tomitsch&#8221; \n\n\t\t\t\t<\/figcaption><\/figure><figure class='gallery-item'>\n\t\t\t<div class='gallery-icon portrait'>\n\t\t\t\t<a href='https:\/\/andrea.tomitsch.net\/en\/werke\/malerei\/dsc_0004908\/'><img loading=\"lazy\" decoding=\"async\" width=\"150\" height=\"150\" src=\"https:\/\/i0.wp.com\/andrea.tomitsch.net\/wp-content\/uploads\/2017\/02\/DSC_0004908.jpg?resize=150%2C150&amp;ssl=1\" class=\"attachment-thumbnail size-thumbnail\" alt=\"\" aria-describedby=\"gallery-2-258\" srcset=\"https:\/\/i0.wp.com\/andrea.tomitsch.net\/wp-content\/uploads\/2017\/02\/DSC_0004908.jpg?w=2188&amp;ssl=1 2188w, https:\/\/i0.wp.com\/andrea.tomitsch.net\/wp-content\/uploads\/2017\/02\/DSC_0004908.jpg?resize=150%2C150&amp;ssl=1 150w, https:\/\/i0.wp.com\/andrea.tomitsch.net\/wp-content\/uploads\/2017\/02\/DSC_0004908.jpg?resize=298%2C300&amp;ssl=1 298w, https:\/\/i0.wp.com\/andrea.tomitsch.net\/wp-content\/uploads\/2017\/02\/DSC_0004908.jpg?resize=768%2C774&amp;ssl=1 768w, https:\/\/i0.wp.com\/andrea.tomitsch.net\/wp-content\/uploads\/2017\/02\/DSC_0004908.jpg?resize=1017%2C1024&amp;ssl=1 1017w, https:\/\/i0.wp.com\/andrea.tomitsch.net\/wp-content\/uploads\/2017\/02\/DSC_0004908.jpg?resize=50%2C50&amp;ssl=1 50w\" sizes=\"auto, (max-width: 150px) 100vw, 150px\" data-attachment-id=\"258\" data-permalink=\"https:\/\/andrea.tomitsch.net\/en\/werke\/malerei\/dsc_0004908\/\" data-orig-file=\"https:\/\/i0.wp.com\/andrea.tomitsch.net\/wp-content\/uploads\/2017\/02\/DSC_0004908.jpg?fit=2188%2C2204&amp;ssl=1\" data-orig-size=\"2188,2204\" data-comments-opened=\"0\" data-image-meta=\"{&quot;aperture&quot;:&quot;0&quot;,&quot;credit&quot;:&quot;&quot;,&quot;camera&quot;:&quot;&quot;,&quot;caption&quot;:&quot;&quot;,&quot;created_timestamp&quot;:&quot;0&quot;,&quot;copyright&quot;:&quot;&quot;,&quot;focal_length&quot;:&quot;0&quot;,&quot;iso&quot;:&quot;0&quot;,&quot;shutter_speed&quot;:&quot;0&quot;,&quot;title&quot;:&quot;&quot;,&quot;orientation&quot;:&quot;1&quot;}\" data-image-title=\"&amp;#8220;Faces 26 &amp;#8211; Heidi H\u00f6dl-Tomitsch&amp;#8221;\" data-image-description=\"&lt;p&gt;Mischtechnik auf Leinwand 20 x 20&lt;br \/&gt;\nsign. 2013&lt;\/p&gt;\n\" data-image-caption=\"&lt;p&gt;&amp;#8220;Faces 26 &amp;#8211; Heidi H\u00f6dl-Tomitsch&amp;#8221; &lt;\/p&gt;\n\" data-large-file=\"https:\/\/i0.wp.com\/andrea.tomitsch.net\/wp-content\/uploads\/2017\/02\/DSC_0004908.jpg?fit=1017%2C1024&amp;ssl=1\" \/><\/a>\n\t\t\t<\/div>\n\t\t\t\t<figcaption class='wp-caption-text gallery-caption' id='gallery-2-258'>\n\t\t\t\t&#8220;Faces 26 &#8211; Heidi H\u00f6dl-Tomitsch&#8221; \n\n\n\t\t\t\t<\/figcaption><\/figure><figure class='gallery-item'>\n\t\t\t<div class='gallery-icon landscape'>\n\t\t\t\t<a href='https:\/\/andrea.tomitsch.net\/en\/werke\/malerei\/dsc_0004607\/'><img loading=\"lazy\" decoding=\"async\" width=\"150\" height=\"150\" src=\"https:\/\/i0.wp.com\/andrea.tomitsch.net\/wp-content\/uploads\/2017\/02\/DSC_0004607.jpg?resize=150%2C150&amp;ssl=1\" class=\"attachment-thumbnail size-thumbnail\" alt=\"\" aria-describedby=\"gallery-2-257\" srcset=\"https:\/\/i0.wp.com\/andrea.tomitsch.net\/wp-content\/uploads\/2017\/02\/DSC_0004607.jpg?resize=150%2C150&amp;ssl=1 150w, https:\/\/i0.wp.com\/andrea.tomitsch.net\/wp-content\/uploads\/2017\/02\/DSC_0004607.jpg?resize=300%2C297&amp;ssl=1 300w, https:\/\/i0.wp.com\/andrea.tomitsch.net\/wp-content\/uploads\/2017\/02\/DSC_0004607.jpg?resize=50%2C50&amp;ssl=1 50w, https:\/\/i0.wp.com\/andrea.tomitsch.net\/wp-content\/uploads\/2017\/02\/DSC_0004607.jpg?zoom=3&amp;resize=150%2C150&amp;ssl=1 450w\" sizes=\"auto, (max-width: 150px) 100vw, 150px\" data-attachment-id=\"257\" data-permalink=\"https:\/\/andrea.tomitsch.net\/en\/werke\/malerei\/dsc_0004607\/\" data-orig-file=\"https:\/\/i0.wp.com\/andrea.tomitsch.net\/wp-content\/uploads\/2017\/02\/DSC_0004607.jpg?fit=1102%2C1090&amp;ssl=1\" data-orig-size=\"1102,1090\" data-comments-opened=\"0\" data-image-meta=\"{&quot;aperture&quot;:&quot;0&quot;,&quot;credit&quot;:&quot;&quot;,&quot;camera&quot;:&quot;&quot;,&quot;caption&quot;:&quot;&quot;,&quot;created_timestamp&quot;:&quot;0&quot;,&quot;copyright&quot;:&quot;&quot;,&quot;focal_length&quot;:&quot;0&quot;,&quot;iso&quot;:&quot;0&quot;,&quot;shutter_speed&quot;:&quot;0&quot;,&quot;title&quot;:&quot;&quot;,&quot;orientation&quot;:&quot;1&quot;}\" data-image-title=\"&amp;#8220;Faces 27 &amp;#8211; Reini Rausch&amp;#8221;\" data-image-description=\"&lt;p&gt;Mischtechnik auf Leinwand 20 x 20&lt;br \/&gt;\nsign. 2013&lt;\/p&gt;\n\" data-image-caption=\"&lt;p&gt;&amp;#8220;Faces 27 &amp;#8211; Reini Rausch&amp;#8221;   &lt;\/p&gt;\n\" data-large-file=\"https:\/\/i0.wp.com\/andrea.tomitsch.net\/wp-content\/uploads\/2017\/02\/DSC_0004607.jpg?fit=1024%2C1013&amp;ssl=1\" \/><\/a>\n\t\t\t<\/div>\n\t\t\t\t<figcaption class='wp-caption-text gallery-caption' id='gallery-2-257'>\n\t\t\t\t&#8220;Faces 27 &#8211; Reini Rausch&#8221;   \n\n\t\t\t\t<\/figcaption><\/figure>\n\t\t<\/div>\n\n<p>Der Zyklus\u00a0&#8220;Die Gef\u00e4hrten des Marquise de Sade&#8221; entstand in den Jahren 2009-2011 und besch\u00e4ftigt sich\u00a0mit der Sado\/Maso Szene. Gef\u00fchle, Eindr\u00fccke und Gedanken \u00fcber eine eigene, in sich abgeschlossene Welt. Ein Gef\u00e4ngnis der Reize, Verh\u00fcllung des Eigentlichen, Ablehnung des Allgemeinen.<\/p>\n<div data-carousel-extra='{&quot;blog_id&quot;:1,&quot;permalink&quot;:&quot;https:\/\/andrea.tomitsch.net\/en\/werke\/malerei\/&quot;}' id='gallery-3' class='gallery galleryid-24 gallery-columns-3 gallery-size-thumbnail'><figure class='gallery-item'>\n\t\t\t<div class='gallery-icon landscape'>\n\t\t\t\t<a href='https:\/\/andrea.tomitsch.net\/en\/werke\/malerei\/18293270160_63320a56ab_o\/'><img loading=\"lazy\" decoding=\"async\" width=\"150\" height=\"150\" src=\"https:\/\/i0.wp.com\/andrea.tomitsch.net\/wp-content\/uploads\/2017\/02\/18293270160_63320a56ab_o.jpg?resize=150%2C150&amp;ssl=1\" class=\"attachment-thumbnail size-thumbnail\" alt=\"\" aria-describedby=\"gallery-3-314\" srcset=\"https:\/\/i0.wp.com\/andrea.tomitsch.net\/wp-content\/uploads\/2017\/02\/18293270160_63320a56ab_o.jpg?w=1100&amp;ssl=1 1100w, https:\/\/i0.wp.com\/andrea.tomitsch.net\/wp-content\/uploads\/2017\/02\/18293270160_63320a56ab_o.jpg?resize=150%2C150&amp;ssl=1 150w, https:\/\/i0.wp.com\/andrea.tomitsch.net\/wp-content\/uploads\/2017\/02\/18293270160_63320a56ab_o.jpg?resize=300%2C300&amp;ssl=1 300w, https:\/\/i0.wp.com\/andrea.tomitsch.net\/wp-content\/uploads\/2017\/02\/18293270160_63320a56ab_o.jpg?resize=768%2C768&amp;ssl=1 768w, https:\/\/i0.wp.com\/andrea.tomitsch.net\/wp-content\/uploads\/2017\/02\/18293270160_63320a56ab_o.jpg?resize=1024%2C1024&amp;ssl=1 1024w\" sizes=\"auto, (max-width: 150px) 100vw, 150px\" data-attachment-id=\"314\" data-permalink=\"https:\/\/andrea.tomitsch.net\/en\/werke\/malerei\/18293270160_63320a56ab_o\/\" data-orig-file=\"https:\/\/i0.wp.com\/andrea.tomitsch.net\/wp-content\/uploads\/2017\/02\/18293270160_63320a56ab_o.jpg?fit=1100%2C1100&amp;ssl=1\" data-orig-size=\"1100,1100\" data-comments-opened=\"0\" data-image-meta=\"{&quot;aperture&quot;:&quot;0&quot;,&quot;credit&quot;:&quot;&quot;,&quot;camera&quot;:&quot;&quot;,&quot;caption&quot;:&quot;&quot;,&quot;created_timestamp&quot;:&quot;0&quot;,&quot;copyright&quot;:&quot;&quot;,&quot;focal_length&quot;:&quot;0&quot;,&quot;iso&quot;:&quot;0&quot;,&quot;shutter_speed&quot;:&quot;0&quot;,&quot;title&quot;:&quot;&quot;,&quot;orientation&quot;:&quot;1&quot;}\" data-image-title=\"&amp;#8220;Die Gef\u00e4hrten&amp;#8221;\" data-image-description=\"&lt;p&gt;aus dem Zyklus &amp;#8220;Die Gef\u00e4hrten des Marquis de Sade&amp;#8221;&lt;br \/&gt;\nMischtechnik auf Leinwand 50&amp;#215;50&lt;\/p&gt;\n\" data-image-caption=\"&lt;p&gt;&amp;#8220;Die Gef\u00e4hrten&amp;#8221;&lt;\/p&gt;\n\" data-large-file=\"https:\/\/i0.wp.com\/andrea.tomitsch.net\/wp-content\/uploads\/2017\/02\/18293270160_63320a56ab_o.jpg?fit=1024%2C1024&amp;ssl=1\" \/><\/a>\n\t\t\t<\/div>\n\t\t\t\t<figcaption class='wp-caption-text gallery-caption' id='gallery-3-314'>\n\t\t\t\t&#8220;Die Gef\u00e4hrten&#8221;\n\t\t\t\t<\/figcaption><\/figure><figure class='gallery-item'>\n\t\t\t<div class='gallery-icon landscape'>\n\t\t\t\t<a href='https:\/\/andrea.tomitsch.net\/en\/werke\/malerei\/17858345084_5985f1a728_o\/'><img loading=\"lazy\" decoding=\"async\" width=\"150\" height=\"150\" src=\"https:\/\/i0.wp.com\/andrea.tomitsch.net\/wp-content\/uploads\/2017\/02\/17858345084_5985f1a728_o.jpg?resize=150%2C150&amp;ssl=1\" class=\"attachment-thumbnail size-thumbnail\" alt=\"\" aria-describedby=\"gallery-3-313\" srcset=\"https:\/\/i0.wp.com\/andrea.tomitsch.net\/wp-content\/uploads\/2017\/02\/17858345084_5985f1a728_o.jpg?w=1100&amp;ssl=1 1100w, https:\/\/i0.wp.com\/andrea.tomitsch.net\/wp-content\/uploads\/2017\/02\/17858345084_5985f1a728_o.jpg?resize=150%2C150&amp;ssl=1 150w, https:\/\/i0.wp.com\/andrea.tomitsch.net\/wp-content\/uploads\/2017\/02\/17858345084_5985f1a728_o.jpg?resize=300%2C300&amp;ssl=1 300w, https:\/\/i0.wp.com\/andrea.tomitsch.net\/wp-content\/uploads\/2017\/02\/17858345084_5985f1a728_o.jpg?resize=768%2C768&amp;ssl=1 768w, https:\/\/i0.wp.com\/andrea.tomitsch.net\/wp-content\/uploads\/2017\/02\/17858345084_5985f1a728_o.jpg?resize=1024%2C1024&amp;ssl=1 1024w\" sizes=\"auto, (max-width: 150px) 100vw, 150px\" data-attachment-id=\"313\" data-permalink=\"https:\/\/andrea.tomitsch.net\/en\/werke\/malerei\/17858345084_5985f1a728_o\/\" data-orig-file=\"https:\/\/i0.wp.com\/andrea.tomitsch.net\/wp-content\/uploads\/2017\/02\/17858345084_5985f1a728_o.jpg?fit=1100%2C1100&amp;ssl=1\" data-orig-size=\"1100,1100\" data-comments-opened=\"0\" data-image-meta=\"{&quot;aperture&quot;:&quot;0&quot;,&quot;credit&quot;:&quot;&quot;,&quot;camera&quot;:&quot;&quot;,&quot;caption&quot;:&quot;&quot;,&quot;created_timestamp&quot;:&quot;0&quot;,&quot;copyright&quot;:&quot;&quot;,&quot;focal_length&quot;:&quot;0&quot;,&quot;iso&quot;:&quot;0&quot;,&quot;shutter_speed&quot;:&quot;0&quot;,&quot;title&quot;:&quot;&quot;,&quot;orientation&quot;:&quot;1&quot;}\" data-image-title=\"&amp;#8220;Die Maske&amp;#8221;\" data-image-description=\"&lt;p&gt;aus dem Zyklus &amp;#8220;Die Gef\u00e4hrten des Marquis de Sade&amp;#8221;&lt;br \/&gt;\nMischtechnik auf Leinwand 50&amp;#215;50&lt;\/p&gt;\n\" data-image-caption=\"&lt;p&gt;&amp;#8220;Die Maske&amp;#8221;&lt;\/p&gt;\n\" data-large-file=\"https:\/\/i0.wp.com\/andrea.tomitsch.net\/wp-content\/uploads\/2017\/02\/17858345084_5985f1a728_o.jpg?fit=1024%2C1024&amp;ssl=1\" \/><\/a>\n\t\t\t<\/div>\n\t\t\t\t<figcaption class='wp-caption-text gallery-caption' id='gallery-3-313'>\n\t\t\t\t&#8220;Die Maske&#8221;\n\t\t\t\t<\/figcaption><\/figure><figure class='gallery-item'>\n\t\t\t<div class='gallery-icon landscape'>\n\t\t\t\t<a href='https:\/\/andrea.tomitsch.net\/en\/werke\/malerei\/18293273510_2581cb94d6_o\/'><img loading=\"lazy\" decoding=\"async\" width=\"150\" height=\"150\" src=\"https:\/\/i0.wp.com\/andrea.tomitsch.net\/wp-content\/uploads\/2017\/02\/18293273510_2581cb94d6_o.jpg?resize=150%2C150&amp;ssl=1\" class=\"attachment-thumbnail size-thumbnail\" alt=\"\" aria-describedby=\"gallery-3-315\" srcset=\"https:\/\/i0.wp.com\/andrea.tomitsch.net\/wp-content\/uploads\/2017\/02\/18293273510_2581cb94d6_o.jpg?w=1100&amp;ssl=1 1100w, https:\/\/i0.wp.com\/andrea.tomitsch.net\/wp-content\/uploads\/2017\/02\/18293273510_2581cb94d6_o.jpg?resize=150%2C150&amp;ssl=1 150w, https:\/\/i0.wp.com\/andrea.tomitsch.net\/wp-content\/uploads\/2017\/02\/18293273510_2581cb94d6_o.jpg?resize=300%2C300&amp;ssl=1 300w, https:\/\/i0.wp.com\/andrea.tomitsch.net\/wp-content\/uploads\/2017\/02\/18293273510_2581cb94d6_o.jpg?resize=768%2C768&amp;ssl=1 768w, https:\/\/i0.wp.com\/andrea.tomitsch.net\/wp-content\/uploads\/2017\/02\/18293273510_2581cb94d6_o.jpg?resize=1024%2C1024&amp;ssl=1 1024w\" sizes=\"auto, (max-width: 150px) 100vw, 150px\" data-attachment-id=\"315\" data-permalink=\"https:\/\/andrea.tomitsch.net\/en\/werke\/malerei\/18293273510_2581cb94d6_o\/\" data-orig-file=\"https:\/\/i0.wp.com\/andrea.tomitsch.net\/wp-content\/uploads\/2017\/02\/18293273510_2581cb94d6_o.jpg?fit=1100%2C1100&amp;ssl=1\" data-orig-size=\"1100,1100\" data-comments-opened=\"0\" data-image-meta=\"{&quot;aperture&quot;:&quot;0&quot;,&quot;credit&quot;:&quot;&quot;,&quot;camera&quot;:&quot;&quot;,&quot;caption&quot;:&quot;&quot;,&quot;created_timestamp&quot;:&quot;0&quot;,&quot;copyright&quot;:&quot;&quot;,&quot;focal_length&quot;:&quot;0&quot;,&quot;iso&quot;:&quot;0&quot;,&quot;shutter_speed&quot;:&quot;0&quot;,&quot;title&quot;:&quot;&quot;,&quot;orientation&quot;:&quot;1&quot;}\" data-image-title=\"&amp;#8220;Gebrochenes Herz&amp;#8221;\" data-image-description=\"&lt;p&gt;aus dem Zyklus &amp;#8220;Die Gef\u00e4hrten des Marquis de Sade&amp;#8221;&lt;br \/&gt;\nMischtechnik auf Leinwand 50&amp;#215;50&lt;\/p&gt;\n\" data-image-caption=\"&lt;p&gt;&amp;#8220;Gebrochenes Herz&amp;#8221;&lt;\/p&gt;\n\" data-large-file=\"https:\/\/i0.wp.com\/andrea.tomitsch.net\/wp-content\/uploads\/2017\/02\/18293273510_2581cb94d6_o.jpg?fit=1024%2C1024&amp;ssl=1\" \/><\/a>\n\t\t\t<\/div>\n\t\t\t\t<figcaption class='wp-caption-text gallery-caption' id='gallery-3-315'>\n\t\t\t\t&#8220;Gebrochenes Herz&#8221;\n\t\t\t\t<\/figcaption><\/figure><figure class='gallery-item'>\n\t\t\t<div class='gallery-icon landscape'>\n\t\t\t\t<a href='https:\/\/andrea.tomitsch.net\/en\/werke\/malerei\/18483164851_e74ff20446_o\/'><img loading=\"lazy\" decoding=\"async\" width=\"150\" height=\"150\" src=\"https:\/\/i0.wp.com\/andrea.tomitsch.net\/wp-content\/uploads\/2017\/02\/18483164851_e74ff20446_o.jpg?resize=150%2C150&amp;ssl=1\" class=\"attachment-thumbnail size-thumbnail\" alt=\"\" aria-describedby=\"gallery-3-319\" srcset=\"https:\/\/i0.wp.com\/andrea.tomitsch.net\/wp-content\/uploads\/2017\/02\/18483164851_e74ff20446_o.jpg?w=700&amp;ssl=1 700w, https:\/\/i0.wp.com\/andrea.tomitsch.net\/wp-content\/uploads\/2017\/02\/18483164851_e74ff20446_o.jpg?resize=150%2C150&amp;ssl=1 150w, https:\/\/i0.wp.com\/andrea.tomitsch.net\/wp-content\/uploads\/2017\/02\/18483164851_e74ff20446_o.jpg?resize=300%2C300&amp;ssl=1 300w\" sizes=\"auto, (max-width: 150px) 100vw, 150px\" data-attachment-id=\"319\" data-permalink=\"https:\/\/andrea.tomitsch.net\/en\/werke\/malerei\/18483164851_e74ff20446_o\/\" data-orig-file=\"https:\/\/i0.wp.com\/andrea.tomitsch.net\/wp-content\/uploads\/2017\/02\/18483164851_e74ff20446_o.jpg?fit=700%2C700&amp;ssl=1\" data-orig-size=\"700,700\" data-comments-opened=\"0\" data-image-meta=\"{&quot;aperture&quot;:&quot;0&quot;,&quot;credit&quot;:&quot;&quot;,&quot;camera&quot;:&quot;&quot;,&quot;caption&quot;:&quot;&quot;,&quot;created_timestamp&quot;:&quot;0&quot;,&quot;copyright&quot;:&quot;&quot;,&quot;focal_length&quot;:&quot;0&quot;,&quot;iso&quot;:&quot;0&quot;,&quot;shutter_speed&quot;:&quot;0&quot;,&quot;title&quot;:&quot;&quot;,&quot;orientation&quot;:&quot;1&quot;}\" data-image-title=\"&amp;#8220;Ohne Titel&amp;#8221;\" data-image-description=\"&lt;p&gt;&amp;#8220;Ohne Titel&amp;#8221;&lt;br \/&gt;\naus dem Zyklus &amp;#8220;Die Gef\u00e4hrten des Marquis de Sade&amp;#8221; Dreiteiler&lt;br \/&gt;\nMischtechnik auf Leinwand mit Holzrahmen 34&amp;#215;34&lt;\/p&gt;\n\" data-image-caption=\"&lt;p&gt;&amp;#8220;Ohne Titel&amp;#8221;&lt;\/p&gt;\n\" data-large-file=\"https:\/\/i0.wp.com\/andrea.tomitsch.net\/wp-content\/uploads\/2017\/02\/18483164851_e74ff20446_o.jpg?fit=700%2C700&amp;ssl=1\" \/><\/a>\n\t\t\t<\/div>\n\t\t\t\t<figcaption class='wp-caption-text gallery-caption' id='gallery-3-319'>\n\t\t\t\t&#8220;Ohne Titel&#8221;\n\t\t\t\t<\/figcaption><\/figure><figure class='gallery-item'>\n\t\t\t<div class='gallery-icon landscape'>\n\t\t\t\t<a href='https:\/\/andrea.tomitsch.net\/en\/werke\/malerei\/18483169311_52a9ee689f_o\/'><img loading=\"lazy\" decoding=\"async\" width=\"150\" height=\"150\" src=\"https:\/\/i0.wp.com\/andrea.tomitsch.net\/wp-content\/uploads\/2017\/02\/18483169311_52a9ee689f_o.jpg?resize=150%2C150&amp;ssl=1\" class=\"attachment-thumbnail size-thumbnail\" alt=\"\" aria-describedby=\"gallery-3-320\" srcset=\"https:\/\/i0.wp.com\/andrea.tomitsch.net\/wp-content\/uploads\/2017\/02\/18483169311_52a9ee689f_o.jpg?w=700&amp;ssl=1 700w, https:\/\/i0.wp.com\/andrea.tomitsch.net\/wp-content\/uploads\/2017\/02\/18483169311_52a9ee689f_o.jpg?resize=150%2C150&amp;ssl=1 150w, https:\/\/i0.wp.com\/andrea.tomitsch.net\/wp-content\/uploads\/2017\/02\/18483169311_52a9ee689f_o.jpg?resize=300%2C300&amp;ssl=1 300w\" sizes=\"auto, (max-width: 150px) 100vw, 150px\" data-attachment-id=\"320\" data-permalink=\"https:\/\/andrea.tomitsch.net\/en\/werke\/malerei\/18483169311_52a9ee689f_o\/\" data-orig-file=\"https:\/\/i0.wp.com\/andrea.tomitsch.net\/wp-content\/uploads\/2017\/02\/18483169311_52a9ee689f_o.jpg?fit=700%2C700&amp;ssl=1\" data-orig-size=\"700,700\" data-comments-opened=\"0\" data-image-meta=\"{&quot;aperture&quot;:&quot;0&quot;,&quot;credit&quot;:&quot;&quot;,&quot;camera&quot;:&quot;&quot;,&quot;caption&quot;:&quot;&quot;,&quot;created_timestamp&quot;:&quot;0&quot;,&quot;copyright&quot;:&quot;&quot;,&quot;focal_length&quot;:&quot;0&quot;,&quot;iso&quot;:&quot;0&quot;,&quot;shutter_speed&quot;:&quot;0&quot;,&quot;title&quot;:&quot;&quot;,&quot;orientation&quot;:&quot;1&quot;}\" data-image-title=\"&amp;#8220;Ohne Titel&amp;#8221;\" data-image-description=\"&lt;p&gt;aus dem Zyklus &amp;#8220;Die Gef\u00e4hrten des Marquis de Sade&amp;#8221; Dreiteiler&lt;br \/&gt;\nMischtechnik auf Leinwand mit Holzrahmen 34&amp;#215;34&lt;\/p&gt;\n\" data-image-caption=\"&lt;p&gt;&amp;#8220;Ohne Titel&amp;#8221;&lt;\/p&gt;\n\" data-large-file=\"https:\/\/i0.wp.com\/andrea.tomitsch.net\/wp-content\/uploads\/2017\/02\/18483169311_52a9ee689f_o.jpg?fit=700%2C700&amp;ssl=1\" \/><\/a>\n\t\t\t<\/div>\n\t\t\t\t<figcaption class='wp-caption-text gallery-caption' id='gallery-3-320'>\n\t\t\t\t&#8220;Ohne Titel&#8221;\n\t\t\t\t<\/figcaption><\/figure><figure class='gallery-item'>\n\t\t\t<div class='gallery-icon landscape'>\n\t\t\t\t<a href='https:\/\/andrea.tomitsch.net\/en\/werke\/malerei\/18483160091_901f9751d0_o\/'><img loading=\"lazy\" decoding=\"async\" width=\"150\" height=\"150\" src=\"https:\/\/i0.wp.com\/andrea.tomitsch.net\/wp-content\/uploads\/2017\/02\/18483160091_901f9751d0_o.jpg?resize=150%2C150&amp;ssl=1\" class=\"attachment-thumbnail size-thumbnail\" alt=\"\" aria-describedby=\"gallery-3-318\" srcset=\"https:\/\/i0.wp.com\/andrea.tomitsch.net\/wp-content\/uploads\/2017\/02\/18483160091_901f9751d0_o.jpg?w=700&amp;ssl=1 700w, https:\/\/i0.wp.com\/andrea.tomitsch.net\/wp-content\/uploads\/2017\/02\/18483160091_901f9751d0_o.jpg?resize=150%2C150&amp;ssl=1 150w, https:\/\/i0.wp.com\/andrea.tomitsch.net\/wp-content\/uploads\/2017\/02\/18483160091_901f9751d0_o.jpg?resize=300%2C300&amp;ssl=1 300w\" sizes=\"auto, (max-width: 150px) 100vw, 150px\" data-attachment-id=\"318\" data-permalink=\"https:\/\/andrea.tomitsch.net\/en\/werke\/malerei\/18483160091_901f9751d0_o\/\" data-orig-file=\"https:\/\/i0.wp.com\/andrea.tomitsch.net\/wp-content\/uploads\/2017\/02\/18483160091_901f9751d0_o.jpg?fit=700%2C700&amp;ssl=1\" data-orig-size=\"700,700\" data-comments-opened=\"0\" data-image-meta=\"{&quot;aperture&quot;:&quot;0&quot;,&quot;credit&quot;:&quot;&quot;,&quot;camera&quot;:&quot;&quot;,&quot;caption&quot;:&quot;&quot;,&quot;created_timestamp&quot;:&quot;0&quot;,&quot;copyright&quot;:&quot;&quot;,&quot;focal_length&quot;:&quot;0&quot;,&quot;iso&quot;:&quot;0&quot;,&quot;shutter_speed&quot;:&quot;0&quot;,&quot;title&quot;:&quot;&quot;,&quot;orientation&quot;:&quot;1&quot;}\" data-image-title=\"&amp;#8220;Ohne Titel&amp;#8221;\" data-image-description=\"&lt;p&gt;aus dem Zyklus &amp;#8220;Die Gef\u00e4hrten des Marquis de Sade&amp;#8221; Dreiteiler&lt;br \/&gt;\nMischtechnik auf Leinwand mit Holzrahmen 34&amp;#215;34&lt;\/p&gt;\n\" data-image-caption=\"&lt;p&gt;&amp;#8220;Ohne Titel&amp;#8221;&lt;\/p&gt;\n\" data-large-file=\"https:\/\/i0.wp.com\/andrea.tomitsch.net\/wp-content\/uploads\/2017\/02\/18483160091_901f9751d0_o.jpg?fit=700%2C700&amp;ssl=1\" \/><\/a>\n\t\t\t<\/div>\n\t\t\t\t<figcaption class='wp-caption-text gallery-caption' id='gallery-3-318'>\n\t\t\t\t&#8220;Ohne Titel&#8221;\n\t\t\t\t<\/figcaption><\/figure><figure class='gallery-item'>\n\t\t\t<div class='gallery-icon landscape'>\n\t\t\t\t<a href='https:\/\/andrea.tomitsch.net\/en\/werke\/malerei\/18483155571_22350bb991_o\/'><img loading=\"lazy\" decoding=\"async\" width=\"150\" height=\"150\" src=\"https:\/\/i0.wp.com\/andrea.tomitsch.net\/wp-content\/uploads\/2017\/02\/18483155571_22350bb991_o.jpg?resize=150%2C150&amp;ssl=1\" class=\"attachment-thumbnail size-thumbnail\" alt=\"\" aria-describedby=\"gallery-3-322\" srcset=\"https:\/\/i0.wp.com\/andrea.tomitsch.net\/wp-content\/uploads\/2017\/02\/18483155571_22350bb991_o.jpg?w=700&amp;ssl=1 700w, https:\/\/i0.wp.com\/andrea.tomitsch.net\/wp-content\/uploads\/2017\/02\/18483155571_22350bb991_o.jpg?resize=150%2C150&amp;ssl=1 150w, https:\/\/i0.wp.com\/andrea.tomitsch.net\/wp-content\/uploads\/2017\/02\/18483155571_22350bb991_o.jpg?resize=300%2C300&amp;ssl=1 300w\" sizes=\"auto, (max-width: 150px) 100vw, 150px\" data-attachment-id=\"322\" data-permalink=\"https:\/\/andrea.tomitsch.net\/en\/werke\/malerei\/18483155571_22350bb991_o\/\" data-orig-file=\"https:\/\/i0.wp.com\/andrea.tomitsch.net\/wp-content\/uploads\/2017\/02\/18483155571_22350bb991_o.jpg?fit=700%2C700&amp;ssl=1\" data-orig-size=\"700,700\" data-comments-opened=\"0\" data-image-meta=\"{&quot;aperture&quot;:&quot;0&quot;,&quot;credit&quot;:&quot;&quot;,&quot;camera&quot;:&quot;&quot;,&quot;caption&quot;:&quot;&quot;,&quot;created_timestamp&quot;:&quot;0&quot;,&quot;copyright&quot;:&quot;&quot;,&quot;focal_length&quot;:&quot;0&quot;,&quot;iso&quot;:&quot;0&quot;,&quot;shutter_speed&quot;:&quot;0&quot;,&quot;title&quot;:&quot;&quot;,&quot;orientation&quot;:&quot;1&quot;}\" data-image-title=\"&amp;#8220;Schmetterling I&amp;#8221;\" data-image-description=\"&lt;p&gt;aus dem Zyklus &amp;#8220;Die Gef\u00e4hrten des Marquis de Sade&amp;#8221; Dreiteiler&lt;br \/&gt;\nMischtechnik auf Leinwand mit Holzrahmen 34&amp;#215;34&lt;\/p&gt;\n\" data-image-caption=\"&lt;p&gt;&amp;#8220;Schmetterling I&amp;#8221;&lt;\/p&gt;\n\" data-large-file=\"https:\/\/i0.wp.com\/andrea.tomitsch.net\/wp-content\/uploads\/2017\/02\/18483155571_22350bb991_o.jpg?fit=700%2C700&amp;ssl=1\" \/><\/a>\n\t\t\t<\/div>\n\t\t\t\t<figcaption class='wp-caption-text gallery-caption' id='gallery-3-322'>\n\t\t\t\t&#8220;Schmetterling I&#8221;\n\t\t\t\t<\/figcaption><\/figure><figure class='gallery-item'>\n\t\t\t<div class='gallery-icon landscape'>\n\t\t\t\t<a href='https:\/\/andrea.tomitsch.net\/en\/werke\/malerei\/17860657123_c6a2f157b4_o\/'><img loading=\"lazy\" decoding=\"async\" width=\"150\" height=\"150\" src=\"https:\/\/i0.wp.com\/andrea.tomitsch.net\/wp-content\/uploads\/2017\/02\/17860657123_c6a2f157b4_o.jpg?resize=150%2C150&amp;ssl=1\" class=\"attachment-thumbnail size-thumbnail\" alt=\"\" aria-describedby=\"gallery-3-323\" srcset=\"https:\/\/i0.wp.com\/andrea.tomitsch.net\/wp-content\/uploads\/2017\/02\/17860657123_c6a2f157b4_o.jpg?w=700&amp;ssl=1 700w, https:\/\/i0.wp.com\/andrea.tomitsch.net\/wp-content\/uploads\/2017\/02\/17860657123_c6a2f157b4_o.jpg?resize=150%2C150&amp;ssl=1 150w, https:\/\/i0.wp.com\/andrea.tomitsch.net\/wp-content\/uploads\/2017\/02\/17860657123_c6a2f157b4_o.jpg?resize=300%2C300&amp;ssl=1 300w\" sizes=\"auto, (max-width: 150px) 100vw, 150px\" data-attachment-id=\"323\" data-permalink=\"https:\/\/andrea.tomitsch.net\/en\/werke\/malerei\/17860657123_c6a2f157b4_o\/\" data-orig-file=\"https:\/\/i0.wp.com\/andrea.tomitsch.net\/wp-content\/uploads\/2017\/02\/17860657123_c6a2f157b4_o.jpg?fit=700%2C700&amp;ssl=1\" data-orig-size=\"700,700\" data-comments-opened=\"0\" data-image-meta=\"{&quot;aperture&quot;:&quot;0&quot;,&quot;credit&quot;:&quot;&quot;,&quot;camera&quot;:&quot;&quot;,&quot;caption&quot;:&quot;&quot;,&quot;created_timestamp&quot;:&quot;0&quot;,&quot;copyright&quot;:&quot;&quot;,&quot;focal_length&quot;:&quot;0&quot;,&quot;iso&quot;:&quot;0&quot;,&quot;shutter_speed&quot;:&quot;0&quot;,&quot;title&quot;:&quot;&quot;,&quot;orientation&quot;:&quot;1&quot;}\" data-image-title=\"&amp;#8220;Schmetterling II&amp;#8221;\" data-image-description=\"&lt;p&gt;aus dem Zyklus &amp;#8220;Die Gef\u00e4hrten des Marquis de Sade&amp;#8221; Dreiteiler&lt;br \/&gt;\nMischtechnik auf Leinwand mit Holzrahmen 34&amp;#215;34&lt;\/p&gt;\n\" data-image-caption=\"&lt;p&gt;&amp;#8220;Schmetterling II&amp;#8221;&lt;\/p&gt;\n\" data-large-file=\"https:\/\/i0.wp.com\/andrea.tomitsch.net\/wp-content\/uploads\/2017\/02\/17860657123_c6a2f157b4_o.jpg?fit=700%2C700&amp;ssl=1\" \/><\/a>\n\t\t\t<\/div>\n\t\t\t\t<figcaption class='wp-caption-text gallery-caption' id='gallery-3-323'>\n\t\t\t\t&#8220;Schmetterling II&#8221;\n\t\t\t\t<\/figcaption><\/figure><figure class='gallery-item'>\n\t\t\t<div class='gallery-icon landscape'>\n\t\t\t\t<a href='https:\/\/andrea.tomitsch.net\/en\/werke\/malerei\/18483153841_04af8f1b8b_o\/'><img loading=\"lazy\" decoding=\"async\" width=\"150\" height=\"150\" src=\"https:\/\/i0.wp.com\/andrea.tomitsch.net\/wp-content\/uploads\/2017\/02\/18483153841_04af8f1b8b_o.jpg?resize=150%2C150&amp;ssl=1\" class=\"attachment-thumbnail size-thumbnail\" alt=\"\" aria-describedby=\"gallery-3-321\" srcset=\"https:\/\/i0.wp.com\/andrea.tomitsch.net\/wp-content\/uploads\/2017\/02\/18483153841_04af8f1b8b_o.jpg?w=700&amp;ssl=1 700w, https:\/\/i0.wp.com\/andrea.tomitsch.net\/wp-content\/uploads\/2017\/02\/18483153841_04af8f1b8b_o.jpg?resize=150%2C150&amp;ssl=1 150w, https:\/\/i0.wp.com\/andrea.tomitsch.net\/wp-content\/uploads\/2017\/02\/18483153841_04af8f1b8b_o.jpg?resize=300%2C300&amp;ssl=1 300w\" sizes=\"auto, (max-width: 150px) 100vw, 150px\" data-attachment-id=\"321\" data-permalink=\"https:\/\/andrea.tomitsch.net\/en\/werke\/malerei\/18483153841_04af8f1b8b_o\/\" data-orig-file=\"https:\/\/i0.wp.com\/andrea.tomitsch.net\/wp-content\/uploads\/2017\/02\/18483153841_04af8f1b8b_o.jpg?fit=700%2C700&amp;ssl=1\" data-orig-size=\"700,700\" data-comments-opened=\"0\" data-image-meta=\"{&quot;aperture&quot;:&quot;0&quot;,&quot;credit&quot;:&quot;&quot;,&quot;camera&quot;:&quot;&quot;,&quot;caption&quot;:&quot;&quot;,&quot;created_timestamp&quot;:&quot;0&quot;,&quot;copyright&quot;:&quot;&quot;,&quot;focal_length&quot;:&quot;0&quot;,&quot;iso&quot;:&quot;0&quot;,&quot;shutter_speed&quot;:&quot;0&quot;,&quot;title&quot;:&quot;&quot;,&quot;orientation&quot;:&quot;1&quot;}\" data-image-title=\"&amp;#8220;Schmetterling III&amp;#8221;\" data-image-description=\"&lt;p&gt;aus dem Zyklus &amp;#8220;Die Gef\u00e4hrten des Marquis de Sade&amp;#8221; Dreiteiler&lt;br \/&gt;\nMischtechnik auf Leinwand mit Holzrahmen 34&amp;#215;34&lt;\/p&gt;\n\" data-image-caption=\"&lt;p&gt;&amp;#8220;Schmetterling III&amp;#8221;&lt;\/p&gt;\n\" data-large-file=\"https:\/\/i0.wp.com\/andrea.tomitsch.net\/wp-content\/uploads\/2017\/02\/18483153841_04af8f1b8b_o.jpg?fit=700%2C700&amp;ssl=1\" \/><\/a>\n\t\t\t<\/div>\n\t\t\t\t<figcaption class='wp-caption-text gallery-caption' id='gallery-3-321'>\n\t\t\t\t&#8220;Schmetterling III&#8221;\n\t\t\t\t<\/figcaption><\/figure><figure class='gallery-item'>\n\t\t\t<div class='gallery-icon landscape'>\n\t\t\t\t<a href='https:\/\/andrea.tomitsch.net\/en\/werke\/malerei\/6536531859_43afcd01b2_o\/'><img loading=\"lazy\" decoding=\"async\" width=\"150\" height=\"150\" src=\"https:\/\/i0.wp.com\/andrea.tomitsch.net\/wp-content\/uploads\/2017\/02\/6536531859_43afcd01b2_o.jpg?resize=150%2C150&amp;ssl=1\" class=\"attachment-thumbnail size-thumbnail\" alt=\"\" aria-describedby=\"gallery-3-325\" srcset=\"https:\/\/i0.wp.com\/andrea.tomitsch.net\/wp-content\/uploads\/2017\/02\/6536531859_43afcd01b2_o.jpg?resize=150%2C150&amp;ssl=1 150w, https:\/\/i0.wp.com\/andrea.tomitsch.net\/wp-content\/uploads\/2017\/02\/6536531859_43afcd01b2_o.jpg?zoom=2&amp;resize=150%2C150&amp;ssl=1 300w, https:\/\/i0.wp.com\/andrea.tomitsch.net\/wp-content\/uploads\/2017\/02\/6536531859_43afcd01b2_o.jpg?zoom=3&amp;resize=150%2C150&amp;ssl=1 450w\" sizes=\"auto, (max-width: 150px) 100vw, 150px\" data-attachment-id=\"325\" data-permalink=\"https:\/\/andrea.tomitsch.net\/en\/werke\/malerei\/6536531859_43afcd01b2_o\/\" data-orig-file=\"https:\/\/i0.wp.com\/andrea.tomitsch.net\/wp-content\/uploads\/2017\/02\/6536531859_43afcd01b2_o.jpg?fit=606%2C596&amp;ssl=1\" data-orig-size=\"606,596\" data-comments-opened=\"0\" data-image-meta=\"{&quot;aperture&quot;:&quot;0&quot;,&quot;credit&quot;:&quot;&quot;,&quot;camera&quot;:&quot;&quot;,&quot;caption&quot;:&quot;&quot;,&quot;created_timestamp&quot;:&quot;0&quot;,&quot;copyright&quot;:&quot;&quot;,&quot;focal_length&quot;:&quot;0&quot;,&quot;iso&quot;:&quot;0&quot;,&quot;shutter_speed&quot;:&quot;0&quot;,&quot;title&quot;:&quot;&quot;,&quot;orientation&quot;:&quot;1&quot;}\" data-image-title=\"&amp;#8220;Ohne Titel&amp;#8221;\" data-image-description=\"&lt;p&gt;aus dem Zyklus &amp;#8220;Die Gef\u00e4hrten des Marquis de Sade&amp;#8221;&lt;br \/&gt;\nMischtechnik auf Leinwand 50&amp;#215;50&lt;\/p&gt;\n\" data-image-caption=\"&lt;p&gt;&amp;#8220;Ohne Titel&amp;#8221;&lt;\/p&gt;\n\" data-large-file=\"https:\/\/i0.wp.com\/andrea.tomitsch.net\/wp-content\/uploads\/2017\/02\/6536531859_43afcd01b2_o.jpg?fit=606%2C596&amp;ssl=1\" \/><\/a>\n\t\t\t<\/div>\n\t\t\t\t<figcaption class='wp-caption-text gallery-caption' id='gallery-3-325'>\n\t\t\t\t&#8220;Ohne Titel&#8221;\n\t\t\t\t<\/figcaption><\/figure><figure class='gallery-item'>\n\t\t\t<div class='gallery-icon landscape'>\n\t\t\t\t<a href='https:\/\/andrea.tomitsch.net\/en\/werke\/malerei\/6536532539_7afd765971_o\/'><img loading=\"lazy\" decoding=\"async\" width=\"150\" height=\"150\" src=\"https:\/\/i0.wp.com\/andrea.tomitsch.net\/wp-content\/uploads\/2017\/02\/6536532539_7afd765971_o.jpg?resize=150%2C150&amp;ssl=1\" class=\"attachment-thumbnail size-thumbnail\" alt=\"\" aria-describedby=\"gallery-3-324\" srcset=\"https:\/\/i0.wp.com\/andrea.tomitsch.net\/wp-content\/uploads\/2017\/02\/6536532539_7afd765971_o.jpg?resize=150%2C150&amp;ssl=1 150w, https:\/\/i0.wp.com\/andrea.tomitsch.net\/wp-content\/uploads\/2017\/02\/6536532539_7afd765971_o.jpg?resize=300%2C297&amp;ssl=1 300w, https:\/\/i0.wp.com\/andrea.tomitsch.net\/wp-content\/uploads\/2017\/02\/6536532539_7afd765971_o.jpg?zoom=3&amp;resize=150%2C150&amp;ssl=1 450w\" sizes=\"auto, (max-width: 150px) 100vw, 150px\" data-attachment-id=\"324\" data-permalink=\"https:\/\/andrea.tomitsch.net\/en\/werke\/malerei\/6536532539_7afd765971_o\/\" data-orig-file=\"https:\/\/i0.wp.com\/andrea.tomitsch.net\/wp-content\/uploads\/2017\/02\/6536532539_7afd765971_o.jpg?fit=606%2C599&amp;ssl=1\" data-orig-size=\"606,599\" data-comments-opened=\"0\" data-image-meta=\"{&quot;aperture&quot;:&quot;0&quot;,&quot;credit&quot;:&quot;&quot;,&quot;camera&quot;:&quot;&quot;,&quot;caption&quot;:&quot;&quot;,&quot;created_timestamp&quot;:&quot;0&quot;,&quot;copyright&quot;:&quot;&quot;,&quot;focal_length&quot;:&quot;0&quot;,&quot;iso&quot;:&quot;0&quot;,&quot;shutter_speed&quot;:&quot;0&quot;,&quot;title&quot;:&quot;&quot;,&quot;orientation&quot;:&quot;1&quot;}\" data-image-title=\"&amp;#8220;Ohne Titel&amp;#8221;\" data-image-description=\"&lt;p&gt;aus dem Zyklus &amp;#8220;Die Gef\u00e4hrten des Marquis de Sade&amp;#8221;&lt;br \/&gt;\nMischtechnik auf Leinwand 50&amp;#215;50&lt;\/p&gt;\n\" data-image-caption=\"&lt;p&gt;&amp;#8220;Ohne Titel&amp;#8221;&lt;\/p&gt;\n\" data-large-file=\"https:\/\/i0.wp.com\/andrea.tomitsch.net\/wp-content\/uploads\/2017\/02\/6536532539_7afd765971_o.jpg?fit=606%2C599&amp;ssl=1\" \/><\/a>\n\t\t\t<\/div>\n\t\t\t\t<figcaption class='wp-caption-text gallery-caption' id='gallery-3-324'>\n\t\t\t\t&#8220;Ohne Titel&#8221;\n\t\t\t\t<\/figcaption><\/figure><figure class='gallery-item'>\n\t\t\t<div class='gallery-icon landscape'>\n\t\t\t\t<a href='https:\/\/andrea.tomitsch.net\/en\/werke\/malerei\/6536532233_8187fde6da_o\/'><img loading=\"lazy\" decoding=\"async\" width=\"150\" height=\"150\" src=\"https:\/\/i0.wp.com\/andrea.tomitsch.net\/wp-content\/uploads\/2017\/02\/6536532233_8187fde6da_o.jpg?resize=150%2C150&amp;ssl=1\" class=\"attachment-thumbnail size-thumbnail\" alt=\"\" aria-describedby=\"gallery-3-326\" srcset=\"https:\/\/i0.wp.com\/andrea.tomitsch.net\/wp-content\/uploads\/2017\/02\/6536532233_8187fde6da_o.jpg?resize=150%2C150&amp;ssl=1 150w, https:\/\/i0.wp.com\/andrea.tomitsch.net\/wp-content\/uploads\/2017\/02\/6536532233_8187fde6da_o.jpg?zoom=2&amp;resize=150%2C150&amp;ssl=1 300w, https:\/\/i0.wp.com\/andrea.tomitsch.net\/wp-content\/uploads\/2017\/02\/6536532233_8187fde6da_o.jpg?zoom=3&amp;resize=150%2C150&amp;ssl=1 450w\" sizes=\"auto, (max-width: 150px) 100vw, 150px\" data-attachment-id=\"326\" data-permalink=\"https:\/\/andrea.tomitsch.net\/en\/werke\/malerei\/6536532233_8187fde6da_o\/\" data-orig-file=\"https:\/\/i0.wp.com\/andrea.tomitsch.net\/wp-content\/uploads\/2017\/02\/6536532233_8187fde6da_o.jpg?fit=606%2C593&amp;ssl=1\" data-orig-size=\"606,593\" data-comments-opened=\"0\" data-image-meta=\"{&quot;aperture&quot;:&quot;0&quot;,&quot;credit&quot;:&quot;&quot;,&quot;camera&quot;:&quot;&quot;,&quot;caption&quot;:&quot;&quot;,&quot;created_timestamp&quot;:&quot;0&quot;,&quot;copyright&quot;:&quot;&quot;,&quot;focal_length&quot;:&quot;0&quot;,&quot;iso&quot;:&quot;0&quot;,&quot;shutter_speed&quot;:&quot;0&quot;,&quot;title&quot;:&quot;&quot;,&quot;orientation&quot;:&quot;1&quot;}\" data-image-title=\"&amp;#8220;Ohne Titel&amp;#8221;\" data-image-description=\"&lt;p&gt;aus dem Zyklus &amp;#8220;Die Gef\u00e4hrten des Marquis de Sade&amp;#8221;&lt;br \/&gt;\nMischtechnik auf Leinwand 50&amp;#215;50&lt;\/p&gt;\n\" data-image-caption=\"&lt;p&gt;&amp;#8220;Ohne Titel&amp;#8221;&lt;\/p&gt;\n\" data-large-file=\"https:\/\/i0.wp.com\/andrea.tomitsch.net\/wp-content\/uploads\/2017\/02\/6536532233_8187fde6da_o.jpg?fit=606%2C593&amp;ssl=1\" \/><\/a>\n\t\t\t<\/div>\n\t\t\t\t<figcaption class='wp-caption-text gallery-caption' id='gallery-3-326'>\n\t\t\t\t&#8220;Ohne Titel&#8221;\n\t\t\t\t<\/figcaption><\/figure>\n\t\t<\/div>\n\n","protected":false},"excerpt":{"rendered":"<p>Andrea R Tomitsch malt in Zyklen, was immer wieder zu abgeschlossenen Serien f\u00fchrt und\u00a0auch Unterschiede in der Technik bewirkt.\u00a0Die verschiedenen Perioden sind Themen und Zeiten zugeordnet. In der Serie &#8220;Games&#8221;, die in den Jahren 2014- 2017 entstanden ist, besch\u00e4ftigt sich die K\u00fcnstlerin mit inneren, psychologischen Zust\u00e4nden des Miteinander. Die Figuren sind auf das Wesentliche reduziert.<\/p>\n<div><a class=\"btn-filled btn\" href=\"https:\/\/andrea.tomitsch.net\/en\/werke\/malerei\/\" title=\"Painting\">Read More<\/a><\/div>\n","protected":false},"author":1,"featured_media":108,"parent":22,"menu_order":0,"comment_status":"closed","ping_status":"closed","template":"page-templates\/no-sidebar.php","meta":{"jetpack_post_was_ever_published":false,"footnotes":""},"class_list":["post-24","page","type-page","status-publish","has-post-thumbnail","hentry"],"translation":{"provider":"WPGlobus","version":"3.0.2","language":"en","enabled_languages":["de","en"],"languages":{"de":{"title":true,"content":true,"excerpt":false},"en":{"title":true,"content":false,"excerpt":false}}},"yoast_head":"<!-- This site is optimized with the Yoast SEO plugin v27.5 - https:\/\/yoast.com\/product\/yoast-seo-wordpress\/ -->\n<title>Painting &#8211; Andrea R Tomitsch<\/title>\n<meta name=\"robots\" content=\"index, follow, max-snippet:-1, max-image-preview:large, max-video-preview:-1\" \/>\n<link rel=\"canonical\" href=\"https:\/\/andrea.tomitsch.net\/en\/werke\/malerei\/\" \/>\n<meta property=\"og:locale\" content=\"en_US\" \/>\n<meta property=\"og:type\" content=\"article\" \/>\n<meta property=\"og:title\" content=\"Painting &#8211; Andrea R Tomitsch\" \/>\n<meta property=\"og:url\" content=\"https:\/\/andrea.tomitsch.net\/en\/werke\/malerei\/\" \/>\n<meta property=\"og:site_name\" content=\"Andrea R Tomitsch\" \/>\n<meta property=\"article:modified_time\" content=\"2017-03-02T06:48:06+00:00\" \/>\n<meta property=\"og:image\" content=\"https:\/\/i0.wp.com\/andrea.tomitsch.net\/wp-content\/uploads\/2017\/02\/Bilderblock12kl.jpg?fit=1328%2C841&ssl=1\" \/>\n\t<meta property=\"og:image:width\" content=\"1328\" \/>\n\t<meta property=\"og:image:height\" content=\"841\" \/>\n\t<meta property=\"og:image:type\" content=\"image\/jpeg\" \/>\n<meta name=\"twitter:card\" content=\"summary_large_image\" \/>\n<meta name=\"twitter:label1\" content=\"Est. reading time\" \/>\n\t<meta name=\"twitter:data1\" content=\"1 minute\" \/>\n<script type=\"application\/ld+json\" class=\"yoast-schema-graph\">{\"@context\":\"https:\\\/\\\/schema.org\",\"@graph\":[{\"@type\":\"WebPage\",\"@id\":\"https:\\\/\\\/andrea.tomitsch.net\\\/en\\\/werke\\\/malerei\\\/\",\"url\":\"https:\\\/\\\/andrea.tomitsch.net\\\/en\\\/werke\\\/malerei\\\/\",\"name\":\"Painting &#8211; Andrea R Tomitsch\",\"isPartOf\":{\"@id\":\"https:\\\/\\\/andrea.tomitsch.net\\\/#website\"},\"primaryImageOfPage\":{\"@id\":\"https:\\\/\\\/andrea.tomitsch.net\\\/en\\\/werke\\\/malerei\\\/#primaryimage\"},\"image\":{\"@id\":\"https:\\\/\\\/andrea.tomitsch.net\\\/en\\\/werke\\\/malerei\\\/#primaryimage\"},\"thumbnailUrl\":\"https:\\\/\\\/i0.wp.com\\\/andrea.tomitsch.net\\\/wp-content\\\/uploads\\\/2017\\\/02\\\/Bilderblock12kl.jpg?fit=1328%2C841&ssl=1\",\"datePublished\":\"2017-02-26T09:45:07+00:00\",\"dateModified\":\"2017-03-02T06:48:06+00:00\",\"breadcrumb\":{\"@id\":\"https:\\\/\\\/andrea.tomitsch.net\\\/en\\\/werke\\\/malerei\\\/#breadcrumb\"},\"inLanguage\":\"en-US\",\"potentialAction\":[{\"@type\":\"ReadAction\",\"target\":[\"https:\\\/\\\/andrea.tomitsch.net\\\/en\\\/werke\\\/malerei\\\/\"]}]},{\"@type\":\"ImageObject\",\"inLanguage\":\"en-US\",\"@id\":\"https:\\\/\\\/andrea.tomitsch.net\\\/en\\\/werke\\\/malerei\\\/#primaryimage\",\"url\":\"https:\\\/\\\/i0.wp.com\\\/andrea.tomitsch.net\\\/wp-content\\\/uploads\\\/2017\\\/02\\\/Bilderblock12kl.jpg?fit=1328%2C841&ssl=1\",\"contentUrl\":\"https:\\\/\\\/i0.wp.com\\\/andrea.tomitsch.net\\\/wp-content\\\/uploads\\\/2017\\\/02\\\/Bilderblock12kl.jpg?fit=1328%2C841&ssl=1\",\"width\":1328,\"height\":841},{\"@type\":\"BreadcrumbList\",\"@id\":\"https:\\\/\\\/andrea.tomitsch.net\\\/en\\\/werke\\\/malerei\\\/#breadcrumb\",\"itemListElement\":[{\"@type\":\"ListItem\",\"position\":1,\"name\":\"Startseite\",\"item\":\"https:\\\/\\\/andrea.tomitsch.net\\\/en\\\/\"},{\"@type\":\"ListItem\",\"position\":2,\"name\":\"Works\",\"item\":\"https:\\\/\\\/andrea.tomitsch.net\\\/en\\\/werke\\\/\"},{\"@type\":\"ListItem\",\"position\":3,\"name\":\"Painting\"}]},{\"@type\":\"WebSite\",\"@id\":\"https:\\\/\\\/andrea.tomitsch.net\\\/#website\",\"url\":\"https:\\\/\\\/andrea.tomitsch.net\\\/\",\"name\":\"Andrea R Tomitsch\",\"description\":\"Painter and New media artist\",\"publisher\":{\"@id\":\"https:\\\/\\\/andrea.tomitsch.net\\\/#\\\/schema\\\/person\\\/b9c1de17bd1ee0c8845978dc09118d0a\"},\"potentialAction\":[{\"@type\":\"SearchAction\",\"target\":{\"@type\":\"EntryPoint\",\"urlTemplate\":\"https:\\\/\\\/andrea.tomitsch.net\\\/?s={search_term_string}\"},\"query-input\":{\"@type\":\"PropertyValueSpecification\",\"valueRequired\":true,\"valueName\":\"search_term_string\"}}],\"inLanguage\":\"en-US\"},{\"@type\":[\"Person\",\"Organization\"],\"@id\":\"https:\\\/\\\/andrea.tomitsch.net\\\/#\\\/schema\\\/person\\\/b9c1de17bd1ee0c8845978dc09118d0a\",\"name\":\"Andrea R Tomitsch\",\"image\":{\"@type\":\"ImageObject\",\"inLanguage\":\"en-US\",\"@id\":\"https:\\\/\\\/i0.wp.com\\\/andrea.tomitsch.net\\\/wp-content\\\/uploads\\\/2017\\\/02\\\/cropped-logo.png?fit=131%2C55&ssl=1\",\"url\":\"https:\\\/\\\/i0.wp.com\\\/andrea.tomitsch.net\\\/wp-content\\\/uploads\\\/2017\\\/02\\\/cropped-logo.png?fit=131%2C55&ssl=1\",\"contentUrl\":\"https:\\\/\\\/i0.wp.com\\\/andrea.tomitsch.net\\\/wp-content\\\/uploads\\\/2017\\\/02\\\/cropped-logo.png?fit=131%2C55&ssl=1\",\"width\":131,\"height\":55,\"caption\":\"Andrea R Tomitsch\"},\"logo\":{\"@id\":\"https:\\\/\\\/i0.wp.com\\\/andrea.tomitsch.net\\\/wp-content\\\/uploads\\\/2017\\\/02\\\/cropped-logo.png?fit=131%2C55&ssl=1\"},\"sameAs\":[\"https:\\\/\\\/andrea.tomitsch.net\"]}]}<\/script>\n<!-- \/ Yoast SEO plugin. -->","yoast_head_json":{"title":"Painting &#8211; Andrea R Tomitsch","robots":{"index":"index","follow":"follow","max-snippet":"max-snippet:-1","max-image-preview":"max-image-preview:large","max-video-preview":"max-video-preview:-1"},"canonical":"https:\/\/andrea.tomitsch.net\/en\/werke\/malerei\/","og_locale":"en_US","og_type":"article","og_title":"Painting &#8211; Andrea R Tomitsch","og_url":"https:\/\/andrea.tomitsch.net\/en\/werke\/malerei\/","og_site_name":"Andrea R Tomitsch","article_modified_time":"2017-03-02T06:48:06+00:00","og_image":[{"width":1328,"height":841,"url":"https:\/\/i0.wp.com\/andrea.tomitsch.net\/wp-content\/uploads\/2017\/02\/Bilderblock12kl.jpg?fit=1328%2C841&ssl=1","type":"image\/jpeg"}],"twitter_card":"summary_large_image","twitter_misc":{"Est. reading time":"1 minute"},"schema":{"@context":"https:\/\/schema.org","@graph":[{"@type":"WebPage","@id":"https:\/\/andrea.tomitsch.net\/en\/werke\/malerei\/","url":"https:\/\/andrea.tomitsch.net\/en\/werke\/malerei\/","name":"Painting &#8211; Andrea R Tomitsch","isPartOf":{"@id":"https:\/\/andrea.tomitsch.net\/#website"},"primaryImageOfPage":{"@id":"https:\/\/andrea.tomitsch.net\/en\/werke\/malerei\/#primaryimage"},"image":{"@id":"https:\/\/andrea.tomitsch.net\/en\/werke\/malerei\/#primaryimage"},"thumbnailUrl":"https:\/\/i0.wp.com\/andrea.tomitsch.net\/wp-content\/uploads\/2017\/02\/Bilderblock12kl.jpg?fit=1328%2C841&ssl=1","datePublished":"2017-02-26T09:45:07+00:00","dateModified":"2017-03-02T06:48:06+00:00","breadcrumb":{"@id":"https:\/\/andrea.tomitsch.net\/en\/werke\/malerei\/#breadcrumb"},"inLanguage":"en-US","potentialAction":[{"@type":"ReadAction","target":["https:\/\/andrea.tomitsch.net\/en\/werke\/malerei\/"]}]},{"@type":"ImageObject","inLanguage":"en-US","@id":"https:\/\/andrea.tomitsch.net\/en\/werke\/malerei\/#primaryimage","url":"https:\/\/i0.wp.com\/andrea.tomitsch.net\/wp-content\/uploads\/2017\/02\/Bilderblock12kl.jpg?fit=1328%2C841&ssl=1","contentUrl":"https:\/\/i0.wp.com\/andrea.tomitsch.net\/wp-content\/uploads\/2017\/02\/Bilderblock12kl.jpg?fit=1328%2C841&ssl=1","width":1328,"height":841},{"@type":"BreadcrumbList","@id":"https:\/\/andrea.tomitsch.net\/en\/werke\/malerei\/#breadcrumb","itemListElement":[{"@type":"ListItem","position":1,"name":"Startseite","item":"https:\/\/andrea.tomitsch.net\/en\/"},{"@type":"ListItem","position":2,"name":"Works","item":"https:\/\/andrea.tomitsch.net\/en\/werke\/"},{"@type":"ListItem","position":3,"name":"Painting"}]},{"@type":"WebSite","@id":"https:\/\/andrea.tomitsch.net\/#website","url":"https:\/\/andrea.tomitsch.net\/","name":"Andrea R Tomitsch","description":"Painter and New media artist","publisher":{"@id":"https:\/\/andrea.tomitsch.net\/#\/schema\/person\/b9c1de17bd1ee0c8845978dc09118d0a"},"potentialAction":[{"@type":"SearchAction","target":{"@type":"EntryPoint","urlTemplate":"https:\/\/andrea.tomitsch.net\/?s={search_term_string}"},"query-input":{"@type":"PropertyValueSpecification","valueRequired":true,"valueName":"search_term_string"}}],"inLanguage":"en-US"},{"@type":["Person","Organization"],"@id":"https:\/\/andrea.tomitsch.net\/#\/schema\/person\/b9c1de17bd1ee0c8845978dc09118d0a","name":"Andrea R Tomitsch","image":{"@type":"ImageObject","inLanguage":"en-US","@id":"https:\/\/i0.wp.com\/andrea.tomitsch.net\/wp-content\/uploads\/2017\/02\/cropped-logo.png?fit=131%2C55&ssl=1","url":"https:\/\/i0.wp.com\/andrea.tomitsch.net\/wp-content\/uploads\/2017\/02\/cropped-logo.png?fit=131%2C55&ssl=1","contentUrl":"https:\/\/i0.wp.com\/andrea.tomitsch.net\/wp-content\/uploads\/2017\/02\/cropped-logo.png?fit=131%2C55&ssl=1","width":131,"height":55,"caption":"Andrea R Tomitsch"},"logo":{"@id":"https:\/\/i0.wp.com\/andrea.tomitsch.net\/wp-content\/uploads\/2017\/02\/cropped-logo.png?fit=131%2C55&ssl=1"},"sameAs":["https:\/\/andrea.tomitsch.net"]}]}},"jetpack_sharing_enabled":true,"jetpack_shortlink":"https:\/\/wp.me\/P8rqqN-o","_links":{"self":[{"href":"https:\/\/andrea.tomitsch.net\/en\/wp-json\/wp\/v2\/pages\/24","targetHints":{"allow":["GET"]}}],"collection":[{"href":"https:\/\/andrea.tomitsch.net\/en\/wp-json\/wp\/v2\/pages"}],"about":[{"href":"https:\/\/andrea.tomitsch.net\/en\/wp-json\/wp\/v2\/types\/page"}],"author":[{"embeddable":true,"href":"https:\/\/andrea.tomitsch.net\/en\/wp-json\/wp\/v2\/users\/1"}],"replies":[{"embeddable":true,"href":"https:\/\/andrea.tomitsch.net\/en\/wp-json\/wp\/v2\/comments?post=24"}],"version-history":[{"count":20,"href":"https:\/\/andrea.tomitsch.net\/en\/wp-json\/wp\/v2\/pages\/24\/revisions"}],"predecessor-version":[{"id":329,"href":"https:\/\/andrea.tomitsch.net\/en\/wp-json\/wp\/v2\/pages\/24\/revisions\/329"}],"up":[{"embeddable":true,"href":"https:\/\/andrea.tomitsch.net\/en\/wp-json\/wp\/v2\/pages\/22"}],"wp:featuredmedia":[{"embeddable":true,"href":"https:\/\/andrea.tomitsch.net\/en\/wp-json\/wp\/v2\/media\/108"}],"wp:attachment":[{"href":"https:\/\/andrea.tomitsch.net\/en\/wp-json\/wp\/v2\/media?parent=24"}],"curies":[{"name":"wp","href":"https:\/\/api.w.org\/{rel}","templated":true}]}}